{"id":656,"date":"2019-02-12T07:38:27","date_gmt":"2019-02-12T06:38:27","guid":{"rendered":"https:\/\/www.tvwislig.ch\/newwp\/?page_id=656"},"modified":"2020-03-01T15:53:24","modified_gmt":"2020-03-01T14:53:24","slug":"2018-2","status":"publish","type":"page","link":"https:\/\/www.tvwislig.ch\/?page_id=656","title":{"rendered":"2018"},"content":{"rendered":"\n<p style=\"font-size:25px\" class=\"has-text-color has-cyan-bluish-gray-color\"><strong>Hallen-LA<\/strong><\/p>\n\n\n\n<p class=\"has-text-color has-medium-font-size has-cyan-bluish-gray-color\">Wie jedes Jahr trafen sich die Turnerinnen und Turner aus dem WTU in Effretikon am zweiten Samstag im M\u00e4rz zum Auftakt der Turnsaison. Da nicht gerade Turnfestwetter herrschte, waren alle froh, dass dieser Wettkampf noch in der Halle stattfand. Die Frauen mussten in 4er und die Herren in 6er Gruppen in den Disziplinen Kugelstossen, 30m-Sprint, Dreihupf und Hochsprung antreten. Zum Schluss stand noch die Pendelstafette auf dem Programm. Urs Hutmacher st\u00f6sst die Kugel mittlerweile so weit, dass die Effretiker Turnhallen zu klein, oder zumindest zu wenig hoch sind. So knallte sein erster Versuch an die Decke und fiel beinahe senkrecht auf den Boden hinunter, was nat\u00fcrlich eine sehr schlechte Weite bedeutete. Beim zweiten und dritten Versuch w\u00e4hlte er eine deutlich flachere Flugkurve und erzielte so immer noch die mehr als beachtliche Weite von 16.83m. Nicht alle Wisliger stiessen die Kugel in solche Sph\u00e4ren. Es reichte aber trotzdem zum sehr guten 3. Rang. Ebenfalls Auszeichnungen gab es in den Disziplinen Hochsprung (6. Rang), 30m Sprint (8. Rang) und in der Pendelstafette (5. Rang). Der H\u00f6hepunkt war aber sicherlich der Sieg im Dreihupf. Nico Messikommer verpasste hier die magische 9-Metermarke um 2cm denkbar knapp. In der Gesamtwertung \u00fcber alle Disziplinen resultierte wie im Vorjahr der zweite Rang. Zu Beginn war eine leichte Entt\u00e4uschung sp\u00fcrbar, da der erste Rang nur um einen Rangpunkt verpasst wurde, doch sp\u00e4testens beim Verzehren der gewonnen Preise (Salami, Specke, K\u00e4se,\u2026) \u00fcberragte die Freude \u00fcber die gezeigten Leistung den anf\u00e4nglichen Frust. Noch bitterer war der zweite Gesamtrang f\u00fcr die Damenriege. Sie waren sogar Punktgleich mit dem Sieger und wurden nur durch das schlechtere Einzelresultat auf den zweiten Rang verwiesen. Sie hatten sich aber sicher nichts vorzuwerfen. Sie erreichten bis auf einen vierten Rang in allen Disziplinen einen Podestplatz, darunter auch der \u00fcberlegene Sieg im 30m-Sprint. Abschliessend kann gesagt werden, dass die Wisliger Turnerinnen und Turner \u00fcber den Winter fleissig trainiert haben und bereit sind f\u00fcr die sportlichen H\u00f6hepunkte im 2018, welche mit den Turnfesten in Dinhard und Hochdorf im Juni anstehen. Roman<\/p>\n\n\n\n<figure class=\"wp-block-gallery columns-2 is-cropped wp-block-gallery-1 is-layout-flex wp-block-gallery-is-layout-flex\"><ul class=\"blocks-gallery-grid\"><li class=\"blocks-gallery-item\"><figure><a href=\"https:\/\/www.tvwislig.ch\/newwp\/wp-content\/uploads\/2019\/02\/img_1984-1-1024x683.jpg\"><img loading=\"lazy\" decoding=\"async\" width=\"1024\" height=\"683\" src=\"https:\/\/www.tvwislig.ch\/newwp\/wp-content\/uploads\/2019\/02\/img_1984-1-1024x683.jpg\" alt=\"\" data-id=\"664\" class=\"wp-image-664\" srcset=\"https:\/\/www.tvwislig.ch\/newwp\/wp-content\/uploads\/2019\/02\/img_1984-1-1024x683.jpg 1024w, https:\/\/www.tvwislig.ch\/newwp\/wp-content\/uploads\/2019\/02\/img_1984-1-300x200.jpg 300w, https:\/\/www.tvwislig.ch\/newwp\/wp-content\/uploads\/2019\/02\/img_1984-1-768x512.jpg 768w, https:\/\/www.tvwislig.ch\/newwp\/wp-content\/uploads\/2019\/02\/img_1984-1-700x467.jpg 700w, https:\/\/www.tvwislig.ch\/newwp\/wp-content\/uploads\/2019\/02\/img_1984-1-2000x1333.jpg 2000w, https:\/\/www.tvwislig.ch\/newwp\/wp-content\/uploads\/2019\/02\/img_1984-1-900x600.jpg 900w, https:\/\/www.tvwislig.ch\/newwp\/wp-content\/uploads\/2019\/02\/img_1984-1-600x400.jpg 600w\" sizes=\"auto, (max-width: 1024px) 100vw, 1024px\" \/><\/a><\/figure><\/li><li class=\"blocks-gallery-item\"><figure><a href=\"https:\/\/www.tvwislig.ch\/newwp\/wp-content\/uploads\/2019\/02\/img_2025-1-1024x683.jpg\"><img loading=\"lazy\" decoding=\"async\" width=\"1024\" height=\"683\" src=\"https:\/\/www.tvwislig.ch\/newwp\/wp-content\/uploads\/2019\/02\/img_2025-1-1024x683.jpg\" alt=\"\" data-id=\"665\" data-link=\"https:\/\/www.tvwislig.ch\/newwp\/index.php\/2018-2\/img_2025-1\/\" class=\"wp-image-665\" srcset=\"https:\/\/www.tvwislig.ch\/newwp\/wp-content\/uploads\/2019\/02\/img_2025-1-1024x683.jpg 1024w, https:\/\/www.tvwislig.ch\/newwp\/wp-content\/uploads\/2019\/02\/img_2025-1-300x200.jpg 300w, https:\/\/www.tvwislig.ch\/newwp\/wp-content\/uploads\/2019\/02\/img_2025-1-768x512.jpg 768w, https:\/\/www.tvwislig.ch\/newwp\/wp-content\/uploads\/2019\/02\/img_2025-1-700x467.jpg 700w, https:\/\/www.tvwislig.ch\/newwp\/wp-content\/uploads\/2019\/02\/img_2025-1-2000x1333.jpg 2000w, https:\/\/www.tvwislig.ch\/newwp\/wp-content\/uploads\/2019\/02\/img_2025-1-900x600.jpg 900w, https:\/\/www.tvwislig.ch\/newwp\/wp-content\/uploads\/2019\/02\/img_2025-1-600x400.jpg 600w\" sizes=\"auto, (max-width: 1024px) 100vw, 1024px\" \/><\/a><\/figure><\/li><li class=\"blocks-gallery-item\"><figure><a href=\"https:\/\/www.tvwislig.ch\/newwp\/wp-content\/uploads\/2019\/02\/IMG_9316-1024x768.jpg\"><img loading=\"lazy\" decoding=\"async\" width=\"1024\" height=\"768\" src=\"https:\/\/www.tvwislig.ch\/newwp\/wp-content\/uploads\/2019\/02\/IMG_9316-1024x768.jpg\" alt=\"\" data-id=\"668\" data-link=\"https:\/\/www.tvwislig.ch\/newwp\/index.php\/2018-2\/img_9316\/\" class=\"wp-image-668\" srcset=\"https:\/\/www.tvwislig.ch\/newwp\/wp-content\/uploads\/2019\/02\/IMG_9316-1024x768.jpg 1024w, https:\/\/www.tvwislig.ch\/newwp\/wp-content\/uploads\/2019\/02\/IMG_9316-300x225.jpg 300w, https:\/\/www.tvwislig.ch\/newwp\/wp-content\/uploads\/2019\/02\/IMG_9316-768x576.jpg 768w, https:\/\/www.tvwislig.ch\/newwp\/wp-content\/uploads\/2019\/02\/IMG_9316-700x525.jpg 700w, https:\/\/www.tvwislig.ch\/newwp\/wp-content\/uploads\/2019\/02\/IMG_9316-2000x1500.jpg 2000w, https:\/\/www.tvwislig.ch\/newwp\/wp-content\/uploads\/2019\/02\/IMG_9316-533x400.jpg 533w\" sizes=\"auto, (max-width: 1024px) 100vw, 1024px\" \/><\/a><\/figure><\/li><li class=\"blocks-gallery-item\"><figure><a href=\"https:\/\/www.tvwislig.ch\/newwp\/wp-content\/uploads\/2019\/02\/IMG_9321-1024x768.jpg\"><img loading=\"lazy\" decoding=\"async\" width=\"1024\" height=\"768\" src=\"https:\/\/www.tvwislig.ch\/newwp\/wp-content\/uploads\/2019\/02\/IMG_9321-1024x768.jpg\" alt=\"\" data-id=\"669\" data-link=\"https:\/\/www.tvwislig.ch\/newwp\/index.php\/2018-2\/img_9321\/\" class=\"wp-image-669\" srcset=\"https:\/\/www.tvwislig.ch\/newwp\/wp-content\/uploads\/2019\/02\/IMG_9321-1024x768.jpg 1024w, https:\/\/www.tvwislig.ch\/newwp\/wp-content\/uploads\/2019\/02\/IMG_9321-300x225.jpg 300w, https:\/\/www.tvwislig.ch\/newwp\/wp-content\/uploads\/2019\/02\/IMG_9321-768x576.jpg 768w, https:\/\/www.tvwislig.ch\/newwp\/wp-content\/uploads\/2019\/02\/IMG_9321-700x525.jpg 700w, https:\/\/www.tvwislig.ch\/newwp\/wp-content\/uploads\/2019\/02\/IMG_9321-2000x1500.jpg 2000w, https:\/\/www.tvwislig.ch\/newwp\/wp-content\/uploads\/2019\/02\/IMG_9321-533x400.jpg 533w\" sizes=\"auto, (max-width: 1024px) 100vw, 1024px\" \/><\/a><\/figure><\/li><\/ul><\/figure>\n\n\n\n<div style=\"height:100px\" aria-hidden=\"true\" class=\"wp-block-spacer\"><\/div>\n\n\n\n<p style=\"font-size:25px\" class=\"has-text-color has-cyan-bluish-gray-color\"><strong>Neues Getutenue<\/strong><\/p>\n\n\n\n<p class=\"has-text-color has-medium-font-size has-cyan-bluish-gray-color\">Die Ger\u00e4teriege Weisslingen hat nach etlichen Jahren wieder einmal ein neues Tenue angeschafft. Die Wettkampfgw\u00e4ndli in den Farben Rot\/ Schwarz haben wir p\u00fcnktlich erhalten, um noch vor dem ersten Wettkampf ein Gruppenfoto zu machen. Danke an Pascale f\u00fcr die gelungene Zusammenstellung.<\/p>\n\n\n\n<figure class=\"wp-block-gallery columns-1 is-cropped wp-block-gallery-2 is-layout-flex wp-block-gallery-is-layout-flex\"><ul class=\"blocks-gallery-grid\"><li class=\"blocks-gallery-item\"><figure><img loading=\"lazy\" decoding=\"async\" width=\"1024\" height=\"768\" src=\"https:\/\/www.tvwislig.ch\/newwp\/wp-content\/uploads\/2019\/02\/Getu-Gross-1-1024x768.jpg\" alt=\"\" data-id=\"681\" data-link=\"https:\/\/www.tvwislig.ch\/newwp\/index.php\/2018-2\/getu-gross-2\/\" class=\"wp-image-681\" srcset=\"https:\/\/www.tvwislig.ch\/newwp\/wp-content\/uploads\/2019\/02\/Getu-Gross-1-1024x768.jpg 1024w, https:\/\/www.tvwislig.ch\/newwp\/wp-content\/uploads\/2019\/02\/Getu-Gross-1-300x225.jpg 300w, https:\/\/www.tvwislig.ch\/newwp\/wp-content\/uploads\/2019\/02\/Getu-Gross-1-768x576.jpg 768w, https:\/\/www.tvwislig.ch\/newwp\/wp-content\/uploads\/2019\/02\/Getu-Gross-1-700x525.jpg 700w, https:\/\/www.tvwislig.ch\/newwp\/wp-content\/uploads\/2019\/02\/Getu-Gross-1-2000x1500.jpg 2000w, https:\/\/www.tvwislig.ch\/newwp\/wp-content\/uploads\/2019\/02\/Getu-Gross-1-533x400.jpg 533w\" sizes=\"auto, (max-width: 1024px) 100vw, 1024px\" \/><\/figure><\/li><\/ul><\/figure>\n\n\n\n<div style=\"height:100px\" aria-hidden=\"true\" class=\"wp-block-spacer\"><\/div>\n\n\n\n<p style=\"font-size:25px\" class=\"has-text-color has-cyan-bluish-gray-color\"><strong>Chl\u00e4ggicup Wilchingen<\/strong><\/p>\n\n\n\n<p class=\"has-text-color has-medium-font-size has-cyan-bluish-gray-color\">Die Damenriege nahm dieses Jahr zum ersten Mal am Chl\u00e4ggicup in Wilchingen teil. Wir starteten mit unserer neuen Gymnastikchoreo unter dem Motto Milit\u00e4r und konnten im ersten Durchgang eine Note von 8.20 erzielen. Dies reichte uns jedoch nicht und jeder einzelne von uns gab nochmals sein Bestes. An der Rangverk\u00fcndigung erfuhren wir, dass wir den 2. Durchgang mit einer zufriedenstellenden Note von 8.53 absolviert haben. Das Niveau am Cup war sehr hoch, deshalb waren wir sehr erstaunt, dass wir nicht den letzten Platz besetzten, was uns sehr stolz machte und unsere Feierlaune steigerte. Wir konnten viele Eindr\u00fccke und tolle Imputs sammeln, welche wir in unser Programm einfliessen lassen werden, um an den Turnfestern noch bessere Leistungen zu erzielen. An dieser Stelle ein riesen Dankesch\u00f6n an unsere Fans, die uns unterst\u00fctzt und den langen Weg auf sich genommen haben.<\/p>\n\n\n\n<figure class=\"wp-block-gallery columns-1 is-cropped wp-block-gallery-3 is-layout-flex wp-block-gallery-is-layout-flex\"><ul class=\"blocks-gallery-grid\"><li class=\"blocks-gallery-item\"><figure><img loading=\"lazy\" decoding=\"async\" width=\"1024\" height=\"624\" src=\"https:\/\/www.tvwislig.ch\/newwp\/wp-content\/uploads\/2019\/02\/IMG_9969-1024x624.jpg\" alt=\"\" data-id=\"686\" data-link=\"https:\/\/www.tvwislig.ch\/newwp\/index.php\/2018-2\/img_9969\/\" class=\"wp-image-686\" srcset=\"https:\/\/www.tvwislig.ch\/newwp\/wp-content\/uploads\/2019\/02\/IMG_9969-1024x624.jpg 1024w, https:\/\/www.tvwislig.ch\/newwp\/wp-content\/uploads\/2019\/02\/IMG_9969-300x183.jpg 300w, https:\/\/www.tvwislig.ch\/newwp\/wp-content\/uploads\/2019\/02\/IMG_9969-768x468.jpg 768w, https:\/\/www.tvwislig.ch\/newwp\/wp-content\/uploads\/2019\/02\/IMG_9969-700x426.jpg 700w, https:\/\/www.tvwislig.ch\/newwp\/wp-content\/uploads\/2019\/02\/IMG_9969-657x400.jpg 657w, https:\/\/www.tvwislig.ch\/newwp\/wp-content\/uploads\/2019\/02\/IMG_9969.jpg 1051w\" sizes=\"auto, (max-width: 1024px) 100vw, 1024px\" \/><\/figure><\/li><\/ul><\/figure>\n\n\n\n<div style=\"height:100px\" aria-hidden=\"true\" class=\"wp-block-spacer\"><\/div>\n\n\n\n<p style=\"font-size:25px\" class=\"has-text-color has-cyan-bluish-gray-color\"><strong>JUSPO Wetzikon<\/strong><\/p>\n\n\n\n<p class=\"has-text-color has-medium-font-size has-cyan-bluish-gray-color\">Dieses Jahr reisten wir in den fr\u00fchen Morgenstunden nach Wetzikon, um den Jugendsporttag mit der M\u00e4dchenriege und Jugi zu bestreiten. Kurz nach dem wir angekommen sind, hat Jerome mit den rund 100 Kindern das Einturnen durchgef\u00fchrt. Danach teilten wir uns in kleinere Gruppen ein, um den Allroundwettkampf zu starten. Die Kinder konnten in verschiedenen Disziplinen aus Leichtathletik, National- und Ger\u00e4teturnen ihr Bestes zeigen. Die M\u00e4dchenriege studierte dieses Jahr zum ersten Mal eine Gymnastik ein, welche sie vor vielen Fans vortanzen durften. Die Stimmung war super und unser Programm kam so gut an, dass sie auserw\u00e4hlt wurden, bei der Schlussvorf\u00fchrung vor dem ganzen Publikum, nochmals zu tanzen. Nach der Mittagspause fanden die Spiele statt. Die Kinder traten in kleinen Gruppen gegen andere Vereine im Korb-, Linien oder J\u00e4gerball an. Trotz praller Sonne konnten einige Gruppen den Platzsieg f\u00fcr unseren Verein einholen. Im Anschluss an die tollen Gruppenspiele durften die Kinder ihre letzten Reserven f\u00fcr die Pendelstafette brauchen. In einigen Serien rannten wir als erster Verein ins Ziel. Unsere Jugend war sehr stark an diesem heissen Tag, in der Kategorie A, C, D und E konnten die M\u00e4dchen 3 Goldmedaillen und eine Bronzemedaille nach Hause bringen. Die Jungs konnten in der Kategorie F den ersten und zweiten Platz belegen und in der Kategorie H den dritten Platz. Wir sind sehr stolz, dass wir mit so vielen Kindern am JUSPO teilnehmen durften und tolle Ergebnisse erzielen konnten. Wir bedanken uns bei allen Fans, Eltern die uns den ganzen Tag unterst\u00fctzt haben und allen Leitern, f\u00fcr den Einsatz vor und w\u00e4hrend dem Sporttag.<\/p>\n\n\n\n<figure class=\"wp-block-gallery columns-3 is-cropped wp-block-gallery-4 is-layout-flex wp-block-gallery-is-layout-flex\"><ul class=\"blocks-gallery-grid\"><li class=\"blocks-gallery-item\"><figure><a href=\"https:\/\/www.tvwislig.ch\/newwp\/wp-content\/uploads\/2019\/02\/IMG_0038-1024x768.jpg\"><img loading=\"lazy\" decoding=\"async\" width=\"1024\" height=\"768\" src=\"https:\/\/www.tvwislig.ch\/newwp\/wp-content\/uploads\/2019\/02\/IMG_0038-1024x768.jpg\" alt=\"\" data-id=\"689\" data-link=\"https:\/\/www.tvwislig.ch\/newwp\/index.php\/2018-2\/img_0038\/\" class=\"wp-image-689\" srcset=\"https:\/\/www.tvwislig.ch\/newwp\/wp-content\/uploads\/2019\/02\/IMG_0038-1024x768.jpg 1024w, https:\/\/www.tvwislig.ch\/newwp\/wp-content\/uploads\/2019\/02\/IMG_0038-300x225.jpg 300w, https:\/\/www.tvwislig.ch\/newwp\/wp-content\/uploads\/2019\/02\/IMG_0038-768x576.jpg 768w, https:\/\/www.tvwislig.ch\/newwp\/wp-content\/uploads\/2019\/02\/IMG_0038-700x525.jpg 700w, https:\/\/www.tvwislig.ch\/newwp\/wp-content\/uploads\/2019\/02\/IMG_0038-2000x1500.jpg 2000w, https:\/\/www.tvwislig.ch\/newwp\/wp-content\/uploads\/2019\/02\/IMG_0038-533x400.jpg 533w\" sizes=\"auto, (max-width: 1024px) 100vw, 1024px\" \/><\/a><\/figure><\/li><li class=\"blocks-gallery-item\"><figure><a href=\"https:\/\/www.tvwislig.ch\/newwp\/wp-content\/uploads\/2019\/02\/IMG_0039-1024x768.jpg\"><img loading=\"lazy\" decoding=\"async\" width=\"1024\" height=\"768\" src=\"https:\/\/www.tvwislig.ch\/newwp\/wp-content\/uploads\/2019\/02\/IMG_0039-1024x768.jpg\" alt=\"\" data-id=\"690\" data-link=\"https:\/\/www.tvwislig.ch\/newwp\/index.php\/2018-2\/img_0039\/\" class=\"wp-image-690\" srcset=\"https:\/\/www.tvwislig.ch\/newwp\/wp-content\/uploads\/2019\/02\/IMG_0039-1024x768.jpg 1024w, https:\/\/www.tvwislig.ch\/newwp\/wp-content\/uploads\/2019\/02\/IMG_0039-300x225.jpg 300w, https:\/\/www.tvwislig.ch\/newwp\/wp-content\/uploads\/2019\/02\/IMG_0039-768x576.jpg 768w, https:\/\/www.tvwislig.ch\/newwp\/wp-content\/uploads\/2019\/02\/IMG_0039-700x525.jpg 700w, https:\/\/www.tvwislig.ch\/newwp\/wp-content\/uploads\/2019\/02\/IMG_0039-2000x1500.jpg 2000w, https:\/\/www.tvwislig.ch\/newwp\/wp-content\/uploads\/2019\/02\/IMG_0039-533x400.jpg 533w\" sizes=\"auto, (max-width: 1024px) 100vw, 1024px\" \/><\/a><\/figure><\/li><li class=\"blocks-gallery-item\"><figure><a href=\"https:\/\/www.tvwislig.ch\/newwp\/wp-content\/uploads\/2019\/02\/IMG_0042-1024x768.jpg\"><img loading=\"lazy\" decoding=\"async\" width=\"1024\" height=\"768\" src=\"https:\/\/www.tvwislig.ch\/newwp\/wp-content\/uploads\/2019\/02\/IMG_0042-1024x768.jpg\" alt=\"\" data-id=\"691\" data-link=\"https:\/\/www.tvwislig.ch\/newwp\/index.php\/2018-2\/img_0042\/\" class=\"wp-image-691\" srcset=\"https:\/\/www.tvwislig.ch\/newwp\/wp-content\/uploads\/2019\/02\/IMG_0042-1024x768.jpg 1024w, https:\/\/www.tvwislig.ch\/newwp\/wp-content\/uploads\/2019\/02\/IMG_0042-300x225.jpg 300w, https:\/\/www.tvwislig.ch\/newwp\/wp-content\/uploads\/2019\/02\/IMG_0042-768x576.jpg 768w, https:\/\/www.tvwislig.ch\/newwp\/wp-content\/uploads\/2019\/02\/IMG_0042-700x525.jpg 700w, https:\/\/www.tvwislig.ch\/newwp\/wp-content\/uploads\/2019\/02\/IMG_0042-2000x1500.jpg 2000w, https:\/\/www.tvwislig.ch\/newwp\/wp-content\/uploads\/2019\/02\/IMG_0042-533x400.jpg 533w\" sizes=\"auto, (max-width: 1024px) 100vw, 1024px\" \/><\/a><\/figure><\/li><\/ul><\/figure>\n\n\n\n<div style=\"height:100px\" aria-hidden=\"true\" class=\"wp-block-spacer\"><\/div>\n\n\n\n<p style=\"font-size:25px\" class=\"has-text-color has-cyan-bluish-gray-color\"><strong>Einzel-Wettk\u00e4mpfe Hochdorf<\/strong><\/p>\n\n\n\n<p class=\"has-text-color has-medium-font-size has-cyan-bluish-gray-color\">Mit dem Einzelturnfest in Hochdorf haben die Turnerin und Turner von Wislig, die diesj\u00e4hrige Turnfestsaison er\u00f6ffnet. Die 19 k\u00f6pfige Gruppe reiste am Samstagmorgen, mit einem Kleinbus der N\u00fcssli AG, gem\u00fctlich nach Hochdorf im Kanton Luzern. Bei sch\u00f6nstem Wetter und bester Laune, konnten wir es kaum erwarten in den Wettkampf zu starten. Mit einer gesunden Menge Nervosit\u00e4t hatten die meisten Turner einen gegl\u00fcckten Auftakt. Jemand musste allerdings feststellen, dass er sich gar nicht angemeldet hat. Nach kurzen Besprechungen durfte er aber doch noch starten. \ud83d\ude09 Der 4-Kampf der Frauen, sowie der 5-Kampf der M\u00e4nner streckte sich \u00fcber den ganzen Nachmittag. Es wurden viele gute Leistungen gezeigt und neue Pers\u00f6nliche Bestmarken aufgestellt. Leider blieben uns auch die Verletzungen nicht erspart. Mit dem 1000-Meter-Rennen am Schluss des Wettkampftages, konnte jeder nochmals alles aus sich raus holen. An der Rangverk\u00fcndigung wurde uns noch einmal vor Augen gef\u00fchrt, was wir geleistet haben. So sind in der Teamwertung die Wisliger Teams der Kategorien U18, U20 und Aktive alle auf dem Podest gelandet. In der Einzelwertung konnten 5 Auszeichnungen auf das Konto der Wisliger gebucht werden und mit dem 3. Platz von Nico Messikommer auch einen Podestplatz. Bravo! Am Abend verabschiedeten wir uns von der Jungmannschaft, welche tolle erste Turnfesterfahrungen sammeln konnten. Die anderen verbrachten den Abend mit einer romantischen Kickboardfahrt oder coolen Dancemoves in der Bar. Am Sonntagmorgen wurden wir sanft von der Sonne geweckt. Den Vormittag verbrachten wir mit Kartenspielen, bis zum Beginn des Ger\u00e4tewettkampfes. Denn f\u00fcr zwei der Wisliger reichte der 5- Kampf nicht und absolvierten zus\u00e4tzlich einen Ger\u00e4tewettkampf. Mit einer guten Fankurve konnten auch diese Wettk\u00e4mpfe gemeistert werden und anschliessend traten wir die Heimreise an. Wir k\u00f6nnen auf ein erfolgreiches Turnfest zur\u00fcckblicken, mit guten Leistungen. Wir freuen uns auf das n\u00e4chste Wochenende und w\u00fcnschen Dario gute Besserung. Lukas<\/p>\n\n\n\n<figure class=\"wp-block-gallery columns-2 is-cropped wp-block-gallery-5 is-layout-flex wp-block-gallery-is-layout-flex\"><ul class=\"blocks-gallery-grid\"><li class=\"blocks-gallery-item\"><figure><a href=\"https:\/\/www.tvwislig.ch\/newwp\/wp-content\/uploads\/2019\/02\/2D4EA1CB-F76D-4089-81D0-F95E9E5C86E0.jpg\"><img loading=\"lazy\" decoding=\"async\" width=\"361\" height=\"407\" src=\"https:\/\/www.tvwislig.ch\/newwp\/wp-content\/uploads\/2019\/02\/2D4EA1CB-F76D-4089-81D0-F95E9E5C86E0.jpg\" alt=\"\" data-id=\"697\" data-link=\"https:\/\/www.tvwislig.ch\/newwp\/index.php\/2018-2\/2d4ea1cb-f76d-4089-81d0-f95e9e5c86e0\/\" class=\"wp-image-697\" srcset=\"https:\/\/www.tvwislig.ch\/newwp\/wp-content\/uploads\/2019\/02\/2D4EA1CB-F76D-4089-81D0-F95E9E5C86E0.jpg 361w, https:\/\/www.tvwislig.ch\/newwp\/wp-content\/uploads\/2019\/02\/2D4EA1CB-F76D-4089-81D0-F95E9E5C86E0-266x300.jpg 266w, https:\/\/www.tvwislig.ch\/newwp\/wp-content\/uploads\/2019\/02\/2D4EA1CB-F76D-4089-81D0-F95E9E5C86E0-355x400.jpg 355w\" sizes=\"auto, (max-width: 361px) 100vw, 361px\" \/><\/a><\/figure><\/li><li class=\"blocks-gallery-item\"><figure><a href=\"https:\/\/www.tvwislig.ch\/newwp\/wp-content\/uploads\/2019\/02\/28C2CA4D-559D-4F9F-BB73-01D0F3CD1CF2.jpg\"><img loading=\"lazy\" decoding=\"async\" width=\"449\" height=\"413\" src=\"https:\/\/www.tvwislig.ch\/newwp\/wp-content\/uploads\/2019\/02\/28C2CA4D-559D-4F9F-BB73-01D0F3CD1CF2.jpg\" alt=\"\" data-id=\"698\" data-link=\"https:\/\/www.tvwislig.ch\/newwp\/index.php\/2018-2\/28c2ca4d-559d-4f9f-bb73-01d0f3cd1cf2\/\" class=\"wp-image-698\" srcset=\"https:\/\/www.tvwislig.ch\/newwp\/wp-content\/uploads\/2019\/02\/28C2CA4D-559D-4F9F-BB73-01D0F3CD1CF2.jpg 449w, https:\/\/www.tvwislig.ch\/newwp\/wp-content\/uploads\/2019\/02\/28C2CA4D-559D-4F9F-BB73-01D0F3CD1CF2-300x276.jpg 300w, https:\/\/www.tvwislig.ch\/newwp\/wp-content\/uploads\/2019\/02\/28C2CA4D-559D-4F9F-BB73-01D0F3CD1CF2-435x400.jpg 435w\" sizes=\"auto, (max-width: 449px) 100vw, 449px\" \/><\/a><\/figure><\/li><\/ul><\/figure>\n\n\n\n<div style=\"height:100px\" aria-hidden=\"true\" class=\"wp-block-spacer\"><\/div>\n\n\n\n<p style=\"font-size:25px\" class=\"has-text-color has-cyan-bluish-gray-color\"><strong>Fiirabigcup Fehraltorf<\/strong><\/p>\n\n\n\n<p class=\"has-text-color has-medium-font-size has-cyan-bluish-gray-color\">Am 11 Mai 2018 simmer z\u00e4m\u00e4 an Fiirabig Cup z Fehraltdorf. Im Gr\u00e4teturne h\u00e4mmer d\u00e4 achti Rang mitere Note vo 8.90 bi eusere Minitrampsektion erreicht. Mit eusere Gr\u00e4tkombi h\u00e4mmer \u00e4 Note vo 8.74 und somit auno d\u00e4 zw\u00f6lfti Rang erreicht. I d\u00e4 Liechtathletik simmer Erste worde miterem 10.00 im Speerwurf und ufem achte Rang simmer mit Schl\u00fcderball undere Note vo 9.40 glandet. Leider isch da ganz Wetkampf n\u00f6d ohni Verletzti usgange, a dere Stell w\u00fcnsched mir alli gueti Besserig, liebi Joelle.I d\u00e4 Bar ischs d\u00e4nn au no lustig gsi, es h\u00e4t L\u00fct geh, wo sich flissig en eigene Spitzname am erarbeite gsi sind, l\u00fct wo kollegial teilt h\u00e4nd und au l\u00fct wo ihri Chraft \u00fcbersch\u00e4tzt h\u00e4nd. Severin<\/p>\n\n\n\n<div style=\"height:100px\" aria-hidden=\"true\" class=\"wp-block-spacer\"><\/div>\n\n\n\n<p style=\"font-size:25px\" class=\"has-text-color has-cyan-bluish-gray-color\"><strong>Sektionswochenende Hochdorf<\/strong><\/p>\n\n\n\n<p class=\"has-text-color has-medium-font-size has-cyan-bluish-gray-color\">Am Samstagmorgen fuhr der Turnverein und die Damerriege Wislig mit dem Zug nach Hochdorf, im Kanton Luzern, an die Vereinswettk\u00e4mpfe. In Hochdorf angekommen besammelte sich der ganze Verein im Festzelt. Um 12:54 startete unsere Damenriege mit der neuen Gymnastik unter dem Motto Milit\u00e4r und erzielte eine stolze Note von 8.72 und wurden \u00fcberraschenderweise Turnfestsieger im 1-teiligen Wettkampf. Um 14.00 Uhr starteten wir dann mit dem restlichen Wettkampf. Zuerst absolvierten wir die Disziplinen Hochsprung, Kugelstossen und Wurf. Im Hochsprung erzielten wir eine Note von 8.58, im Kugelstossen 7.56 und im Wurf 7.43. Etwas sp\u00e4ter im 2. Teil starteten wir mit 28 Personen im Schleuderball und konnten eine Note von 6.85 auf unser Vereinskonto verbuchen. Kurz darauf haben wir in der Pendelstaffete eine Note von 8.70 erreicht. Im dritten Wettkampfteil konnten wir im Weitsprung und in der Ger\u00e4tekombination zeigen, was wir k\u00f6nnen. Leider gelang uns das bei Weitsprung nicht so, wie wir uns das vorgenommen hatten und mussten uns mit einer Note von 6.41 zufrieden geben. Daf\u00fcr gl\u00e4nzten wir in unserer Ger\u00e4tekombination, welche wir praktisch fehlerfrei auff\u00fchren und mit einer grandiosen Note von 9.11 stolz annehmen konnten. Der letzte Wettkampfteil war die Sprungkombination, welche leider nicht so reibungslos \u00fcber die B\u00fchne ging. Deshalb reichte es nur f\u00fcr eine 8.58 und somit den mittleren 11. Rang. Nach den Wettk\u00e4mpfen trafen wir uns alle im Festzelt wo wir unser Turnermen\u00fc verspeisten. Am Abend feierten wir unsere tollen Leistungen auf dem Festgel\u00e4nde bis in die fr\u00fchen Morgenstunden. Am Sonntagmorgen wurden wir alle sanft vom Regen geweckt. Es war zum Gl\u00fcck nicht so heiss, dass die Einen etwas l\u00e4nger schlafen konnten, w\u00e4hrend andere im Biergarten gem\u00fctlich zusammensassen. P\u00fcnktlich um 11.30 Uhr startete die Schlussvorf\u00fchrung und anschliessend die Ehrungen. Unser Fahnentr\u00e4ger durfte sich noch im traditionellen Fahnenlauf mit den anderen Vereinen messen, w\u00e4hrend alle anderen gem\u00fctlich am Feldrand zuschauten. Nach einer tollen Show und enigen Worten wurde die Damenriege Wislig dann f\u00fcr ihren Turnfestsieg im 1-teiligen Wettkampf in der Kategorie Gymnastik geehrt. Stolz und zufrieden kehrten wir gemeinsam mit dem Car, in welchem wir auf unsere Erfolge anstiessen, nach Wislig zur\u00fcck. Saskia<\/p>\n\n\n\n<figure class=\"wp-block-gallery columns-3 is-cropped wp-block-gallery-6 is-layout-flex wp-block-gallery-is-layout-flex\"><ul class=\"blocks-gallery-grid\"><li class=\"blocks-gallery-item\"><figure><a href=\"https:\/\/www.tvwislig.ch\/newwp\/wp-content\/uploads\/2019\/02\/0A315F9E-A2EF-4BC3-A6ED-3BC397D4F777-1024x678.jpg\"><img loading=\"lazy\" decoding=\"async\" width=\"1024\" height=\"678\" src=\"https:\/\/www.tvwislig.ch\/newwp\/wp-content\/uploads\/2019\/02\/0A315F9E-A2EF-4BC3-A6ED-3BC397D4F777-1024x678.jpg\" alt=\"\" data-id=\"703\" data-link=\"https:\/\/www.tvwislig.ch\/newwp\/index.php\/2018-2\/0a315f9e-a2ef-4bc3-a6ed-3bc397d4f777\/\" class=\"wp-image-703\" srcset=\"https:\/\/www.tvwislig.ch\/newwp\/wp-content\/uploads\/2019\/02\/0A315F9E-A2EF-4BC3-A6ED-3BC397D4F777-1024x678.jpg 1024w, https:\/\/www.tvwislig.ch\/newwp\/wp-content\/uploads\/2019\/02\/0A315F9E-A2EF-4BC3-A6ED-3BC397D4F777-300x199.jpg 300w, https:\/\/www.tvwislig.ch\/newwp\/wp-content\/uploads\/2019\/02\/0A315F9E-A2EF-4BC3-A6ED-3BC397D4F777-768x509.jpg 768w, https:\/\/www.tvwislig.ch\/newwp\/wp-content\/uploads\/2019\/02\/0A315F9E-A2EF-4BC3-A6ED-3BC397D4F777-700x464.jpg 700w, https:\/\/www.tvwislig.ch\/newwp\/wp-content\/uploads\/2019\/02\/0A315F9E-A2EF-4BC3-A6ED-3BC397D4F777-2000x1325.jpg 2000w, https:\/\/www.tvwislig.ch\/newwp\/wp-content\/uploads\/2019\/02\/0A315F9E-A2EF-4BC3-A6ED-3BC397D4F777-604x400.jpg 604w\" sizes=\"auto, (max-width: 1024px) 100vw, 1024px\" \/><\/a><\/figure><\/li><li class=\"blocks-gallery-item\"><figure><a href=\"https:\/\/www.tvwislig.ch\/newwp\/wp-content\/uploads\/2019\/02\/75E630F5-5D12-40D9-965A-84DF8F271A1A-1024x719.jpg\"><img loading=\"lazy\" decoding=\"async\" width=\"1024\" height=\"719\" src=\"https:\/\/www.tvwislig.ch\/newwp\/wp-content\/uploads\/2019\/02\/75E630F5-5D12-40D9-965A-84DF8F271A1A-1024x719.jpg\" alt=\"\" data-id=\"704\" data-link=\"https:\/\/www.tvwislig.ch\/newwp\/index.php\/2018-2\/75e630f5-5d12-40d9-965a-84df8f271a1a\/\" class=\"wp-image-704\" srcset=\"https:\/\/www.tvwislig.ch\/newwp\/wp-content\/uploads\/2019\/02\/75E630F5-5D12-40D9-965A-84DF8F271A1A-1024x719.jpg 1024w, https:\/\/www.tvwislig.ch\/newwp\/wp-content\/uploads\/2019\/02\/75E630F5-5D12-40D9-965A-84DF8F271A1A-300x211.jpg 300w, https:\/\/www.tvwislig.ch\/newwp\/wp-content\/uploads\/2019\/02\/75E630F5-5D12-40D9-965A-84DF8F271A1A-768x539.jpg 768w, https:\/\/www.tvwislig.ch\/newwp\/wp-content\/uploads\/2019\/02\/75E630F5-5D12-40D9-965A-84DF8F271A1A-700x491.jpg 700w, https:\/\/www.tvwislig.ch\/newwp\/wp-content\/uploads\/2019\/02\/75E630F5-5D12-40D9-965A-84DF8F271A1A-2000x1404.jpg 2000w, https:\/\/www.tvwislig.ch\/newwp\/wp-content\/uploads\/2019\/02\/75E630F5-5D12-40D9-965A-84DF8F271A1A-570x400.jpg 570w\" sizes=\"auto, (max-width: 1024px) 100vw, 1024px\" \/><\/a><\/figure><\/li><li class=\"blocks-gallery-item\"><figure><a href=\"https:\/\/www.tvwislig.ch\/newwp\/wp-content\/uploads\/2019\/02\/82F6E078-91AC-40FE-95AE-8FC3351C3CD5-1024x678.jpg\"><img loading=\"lazy\" decoding=\"async\" width=\"1024\" height=\"678\" src=\"https:\/\/www.tvwislig.ch\/newwp\/wp-content\/uploads\/2019\/02\/82F6E078-91AC-40FE-95AE-8FC3351C3CD5-1024x678.jpg\" alt=\"\" data-id=\"705\" data-link=\"https:\/\/www.tvwislig.ch\/newwp\/index.php\/2018-2\/82f6e078-91ac-40fe-95ae-8fc3351c3cd5\/\" class=\"wp-image-705\" srcset=\"https:\/\/www.tvwislig.ch\/newwp\/wp-content\/uploads\/2019\/02\/82F6E078-91AC-40FE-95AE-8FC3351C3CD5-1024x678.jpg 1024w, https:\/\/www.tvwislig.ch\/newwp\/wp-content\/uploads\/2019\/02\/82F6E078-91AC-40FE-95AE-8FC3351C3CD5-300x199.jpg 300w, https:\/\/www.tvwislig.ch\/newwp\/wp-content\/uploads\/2019\/02\/82F6E078-91AC-40FE-95AE-8FC3351C3CD5-768x509.jpg 768w, https:\/\/www.tvwislig.ch\/newwp\/wp-content\/uploads\/2019\/02\/82F6E078-91AC-40FE-95AE-8FC3351C3CD5-700x464.jpg 700w, https:\/\/www.tvwislig.ch\/newwp\/wp-content\/uploads\/2019\/02\/82F6E078-91AC-40FE-95AE-8FC3351C3CD5-2000x1325.jpg 2000w, https:\/\/www.tvwislig.ch\/newwp\/wp-content\/uploads\/2019\/02\/82F6E078-91AC-40FE-95AE-8FC3351C3CD5-604x400.jpg 604w\" sizes=\"auto, (max-width: 1024px) 100vw, 1024px\" \/><\/a><\/figure><\/li><li class=\"blocks-gallery-item\"><figure><a href=\"https:\/\/www.tvwislig.ch\/newwp\/wp-content\/uploads\/2019\/02\/257C85E8-9BCF-4079-9B06-F228F0A290B4-1024x678.jpg\"><img loading=\"lazy\" decoding=\"async\" width=\"1024\" height=\"678\" src=\"https:\/\/www.tvwislig.ch\/newwp\/wp-content\/uploads\/2019\/02\/257C85E8-9BCF-4079-9B06-F228F0A290B4-1024x678.jpg\" alt=\"\" data-id=\"706\" data-link=\"https:\/\/www.tvwislig.ch\/newwp\/index.php\/2018-2\/257c85e8-9bcf-4079-9b06-f228f0a290b4\/\" class=\"wp-image-706\" srcset=\"https:\/\/www.tvwislig.ch\/newwp\/wp-content\/uploads\/2019\/02\/257C85E8-9BCF-4079-9B06-F228F0A290B4-1024x678.jpg 1024w, https:\/\/www.tvwislig.ch\/newwp\/wp-content\/uploads\/2019\/02\/257C85E8-9BCF-4079-9B06-F228F0A290B4-300x199.jpg 300w, https:\/\/www.tvwislig.ch\/newwp\/wp-content\/uploads\/2019\/02\/257C85E8-9BCF-4079-9B06-F228F0A290B4-768x509.jpg 768w, https:\/\/www.tvwislig.ch\/newwp\/wp-content\/uploads\/2019\/02\/257C85E8-9BCF-4079-9B06-F228F0A290B4-700x464.jpg 700w, https:\/\/www.tvwislig.ch\/newwp\/wp-content\/uploads\/2019\/02\/257C85E8-9BCF-4079-9B06-F228F0A290B4-2000x1325.jpg 2000w, https:\/\/www.tvwislig.ch\/newwp\/wp-content\/uploads\/2019\/02\/257C85E8-9BCF-4079-9B06-F228F0A290B4-604x400.jpg 604w\" sizes=\"auto, (max-width: 1024px) 100vw, 1024px\" \/><\/a><\/figure><\/li><li class=\"blocks-gallery-item\"><figure><a href=\"https:\/\/www.tvwislig.ch\/newwp\/wp-content\/uploads\/2019\/02\/50112421-B261-43E5-8B91-19119D0596DE-1024x678.jpg\"><img loading=\"lazy\" decoding=\"async\" width=\"1024\" height=\"678\" src=\"https:\/\/www.tvwislig.ch\/newwp\/wp-content\/uploads\/2019\/02\/50112421-B261-43E5-8B91-19119D0596DE-1024x678.jpg\" alt=\"\" data-id=\"707\" data-link=\"https:\/\/www.tvwislig.ch\/newwp\/index.php\/2018-2\/50112421-b261-43e5-8b91-19119d0596de\/\" class=\"wp-image-707\" srcset=\"https:\/\/www.tvwislig.ch\/newwp\/wp-content\/uploads\/2019\/02\/50112421-B261-43E5-8B91-19119D0596DE-1024x678.jpg 1024w, https:\/\/www.tvwislig.ch\/newwp\/wp-content\/uploads\/2019\/02\/50112421-B261-43E5-8B91-19119D0596DE-300x199.jpg 300w, https:\/\/www.tvwislig.ch\/newwp\/wp-content\/uploads\/2019\/02\/50112421-B261-43E5-8B91-19119D0596DE-768x509.jpg 768w, https:\/\/www.tvwislig.ch\/newwp\/wp-content\/uploads\/2019\/02\/50112421-B261-43E5-8B91-19119D0596DE-700x464.jpg 700w, https:\/\/www.tvwislig.ch\/newwp\/wp-content\/uploads\/2019\/02\/50112421-B261-43E5-8B91-19119D0596DE-2000x1325.jpg 2000w, https:\/\/www.tvwislig.ch\/newwp\/wp-content\/uploads\/2019\/02\/50112421-B261-43E5-8B91-19119D0596DE-604x400.jpg 604w\" sizes=\"auto, (max-width: 1024px) 100vw, 1024px\" \/><\/a><\/figure><\/li><li class=\"blocks-gallery-item\"><figure><a href=\"https:\/\/www.tvwislig.ch\/newwp\/wp-content\/uploads\/2019\/02\/AA1CEC2C-448B-44E9-B2ED-DAC9336304DA-1024x678.jpg\"><img loading=\"lazy\" decoding=\"async\" width=\"1024\" height=\"678\" src=\"https:\/\/www.tvwislig.ch\/newwp\/wp-content\/uploads\/2019\/02\/AA1CEC2C-448B-44E9-B2ED-DAC9336304DA-1024x678.jpg\" alt=\"\" data-id=\"708\" data-link=\"https:\/\/www.tvwislig.ch\/newwp\/index.php\/2018-2\/aa1cec2c-448b-44e9-b2ed-dac9336304da\/\" class=\"wp-image-708\" srcset=\"https:\/\/www.tvwislig.ch\/newwp\/wp-content\/uploads\/2019\/02\/AA1CEC2C-448B-44E9-B2ED-DAC9336304DA-1024x678.jpg 1024w, https:\/\/www.tvwislig.ch\/newwp\/wp-content\/uploads\/2019\/02\/AA1CEC2C-448B-44E9-B2ED-DAC9336304DA-300x199.jpg 300w, https:\/\/www.tvwislig.ch\/newwp\/wp-content\/uploads\/2019\/02\/AA1CEC2C-448B-44E9-B2ED-DAC9336304DA-768x509.jpg 768w, https:\/\/www.tvwislig.ch\/newwp\/wp-content\/uploads\/2019\/02\/AA1CEC2C-448B-44E9-B2ED-DAC9336304DA-700x464.jpg 700w, https:\/\/www.tvwislig.ch\/newwp\/wp-content\/uploads\/2019\/02\/AA1CEC2C-448B-44E9-B2ED-DAC9336304DA-2000x1325.jpg 2000w, https:\/\/www.tvwislig.ch\/newwp\/wp-content\/uploads\/2019\/02\/AA1CEC2C-448B-44E9-B2ED-DAC9336304DA-604x400.jpg 604w\" sizes=\"auto, (max-width: 1024px) 100vw, 1024px\" \/><\/a><\/figure><\/li><\/ul><\/figure>\n\n\n\n<div style=\"height:100px\" aria-hidden=\"true\" class=\"wp-block-spacer\"><\/div>\n\n\n\n<p style=\"font-size:25px\" class=\"has-text-color has-cyan-bluish-gray-color\"><strong>Einzelwettk\u00e4mpfe Dinhard<\/strong><\/p>\n\n\n\n<p class=\"has-text-color has-medium-font-size has-cyan-bluish-gray-color\">Bei angenehmen Temperaturen starteten dieses Wochenende unsere Turnerinnen und Turner am Einzelwochenende in Dinhard. Einige M\u00e4nner bestritten am Samstag einen 6-Kampf, inwelchem sie in den Diziplinen 100m Lauf, Weitsprung, Hochsprung, Kugelstossen, Speerwurf und dembeliebten 1000m Lauf ihr Bestes zeigen konnten. Michael R\u00fcegg erreichte den 22. Rang und staubte eine Auszeichnung ab. Unsere j\u00fcngeren Turner meldeten sich f\u00fcr einen 5-Kampf U18\/20 an. Nico Messikommer landete auf dem 17. Platz und konnte ebenfalls eine Auszeichnung nach Hause nehmen.Nicht nur in den leichtathletischen Disziplinen, sondern auch im Ger\u00e4teturnen hatten wir Turner am Start, denn Cedric Frei bestritt den Ger\u00e4tewettkampf K5 und konnte mit 46.55 Punkten die Goldmedaille gewinnen. Herzlichen Gl\u00fcckwunsch! Andere Turner zeigten ihre guten Leistungen im Turnwettkampf, welche Urs Hutmacher auf den 5., Severin Frei auf den 17., Nico Messikommer auf den 22. und Roman N\u00fcssli auf den 25. Rang brachten und auch Lukas Maurer auf dem 32. und Andi Tr\u00fcb auf dem 33. Platz konnten eine Auszeichnung entgegennehmen. Dieses Jahr durften wir an einer Premiere Teil haben. Lukas Maurer und Philipp Tr\u00fcbmeldeten eine Gymnastik zu Zweit an. Als Philipp leider verhindert war, sprang Nico Messikommer spontan ein. Die turnerisch gelungene und sehr am\u00fcsante Vorf\u00fchrung wurde mit einer Note von 7.99 bewertet. Bravo! Wir freuen uns schon auf die n\u00e4chste Choreo. \ud83d\ude09 Neben den M\u00e4nnern nahmen auch einige Frauen am Turnfest teil. Viele meldeten sich f\u00fcr den Turnwettkampf an. Diana Zolliker konnte sich durchsetzen und erreichte den 1. Platz. Gratulation an dieser Stelle. Auch andere gingen nicht leer aus, denn Laura Buff konnte mit dem 7. Rang, Pascale R\u00fcegg mit dem 21. Rang und Nicole R\u00fcegg mit dem 54. Rang eine Auszeichnung ergattern. Unsere Jungturnerinnen bestritten einen 4-Kampf in der Kategorie Jugend. Noemie Rosen landete auf dem 7. und Jessica W\u00e4ffler auf dem 10. Platz, auch sie durften sich \u00fcber eine Auszeichnung freuen. Nach den Rangverk\u00fcndigungen traten die jungen Turner die Heimreise an, die \u00e4lteren Generationen feierten ihre guten Leistungen bis in die fr\u00fchen Morgenstunden. Am Sonntagmorgen wurden wir von den warmen Sonnenstrahlen geweckt. Doch einige von uns konnten nicht das sch\u00f6ne Wetter im Biergarten geniessen, sondern mussten auch an diesem Tag nochmals an den Start. Daniela Tr\u00fcb und Tanja Frischknecht bestritten den 4-Kampf in der Kategorie Aktive. Leider konnte Daniela wegen einem Fehltritt beim Weitsprung den Wettkampf nicht beenden, Tanja hingegen zeigte tolle Leistungen und belegte schlussendlich den 8. Rang. Diana Zolliker und Urs Hutmacher, sowie Roger R\u00fcegg und Marielle Krause nahmen am Sie &amp; Er Leichtathletik teil.Beide Teams zeigten bemerkenswerte Leistungen und konnten bei der Rangverk\u00fcndigung auf das Podest steigen. Diana und Urs durften die Bronze- und Marielle und Roger die Goldmedaille um den Hals h\u00e4ngen. Herzliche Gratulation beiden Teams. An dieser Stelle k\u00f6nnen wir Marielle und Roger auch noch aus einem anderen Grund gratulieren, denn Roger hat seinenganzen Mut zusammen genommen und seiner Marielle beim Zieleinlauf einen Antrag gemacht. Wir w\u00fcnschen euch alles Gute!<\/p>\n\n\n\n<figure class=\"wp-block-gallery columns-3 is-cropped wp-block-gallery-7 is-layout-flex wp-block-gallery-is-layout-flex\"><ul class=\"blocks-gallery-grid\"><li class=\"blocks-gallery-item\"><figure><a href=\"https:\/\/www.tvwislig.ch\/newwp\/wp-content\/uploads\/2019\/02\/9C64E2BF-13D3-4461-875E-BA2DEAD76DB0-1024x684.jpg\"><img loading=\"lazy\" decoding=\"async\" width=\"1024\" height=\"684\" src=\"https:\/\/www.tvwislig.ch\/newwp\/wp-content\/uploads\/2019\/02\/9C64E2BF-13D3-4461-875E-BA2DEAD76DB0-1024x684.jpg\" alt=\"\" data-id=\"711\" data-link=\"https:\/\/www.tvwislig.ch\/newwp\/index.php\/2018-2\/9c64e2bf-13d3-4461-875e-ba2dead76db0\/\" class=\"wp-image-711\" srcset=\"https:\/\/www.tvwislig.ch\/newwp\/wp-content\/uploads\/2019\/02\/9C64E2BF-13D3-4461-875E-BA2DEAD76DB0.jpg 1024w, https:\/\/www.tvwislig.ch\/newwp\/wp-content\/uploads\/2019\/02\/9C64E2BF-13D3-4461-875E-BA2DEAD76DB0-300x200.jpg 300w, https:\/\/www.tvwislig.ch\/newwp\/wp-content\/uploads\/2019\/02\/9C64E2BF-13D3-4461-875E-BA2DEAD76DB0-768x513.jpg 768w, https:\/\/www.tvwislig.ch\/newwp\/wp-content\/uploads\/2019\/02\/9C64E2BF-13D3-4461-875E-BA2DEAD76DB0-700x468.jpg 700w, https:\/\/www.tvwislig.ch\/newwp\/wp-content\/uploads\/2019\/02\/9C64E2BF-13D3-4461-875E-BA2DEAD76DB0-900x600.jpg 900w, https:\/\/www.tvwislig.ch\/newwp\/wp-content\/uploads\/2019\/02\/9C64E2BF-13D3-4461-875E-BA2DEAD76DB0-599x400.jpg 599w\" sizes=\"auto, (max-width: 1024px) 100vw, 1024px\" \/><\/a><\/figure><\/li><li class=\"blocks-gallery-item\"><figure><a href=\"https:\/\/www.tvwislig.ch\/newwp\/wp-content\/uploads\/2019\/02\/E5380338-8B04-4518-83B4-FA2AEBCFDF7D-1024x768.jpg\"><img loading=\"lazy\" decoding=\"async\" width=\"1024\" height=\"768\" src=\"https:\/\/www.tvwislig.ch\/newwp\/wp-content\/uploads\/2019\/02\/E5380338-8B04-4518-83B4-FA2AEBCFDF7D-1024x768.jpg\" alt=\"\" data-id=\"712\" data-link=\"https:\/\/www.tvwislig.ch\/newwp\/index.php\/2018-2\/e5380338-8b04-4518-83b4-fa2aebcfdf7d\/\" class=\"wp-image-712\" srcset=\"https:\/\/www.tvwislig.ch\/newwp\/wp-content\/uploads\/2019\/02\/E5380338-8B04-4518-83B4-FA2AEBCFDF7D.jpg 1024w, https:\/\/www.tvwislig.ch\/newwp\/wp-content\/uploads\/2019\/02\/E5380338-8B04-4518-83B4-FA2AEBCFDF7D-300x225.jpg 300w, https:\/\/www.tvwislig.ch\/newwp\/wp-content\/uploads\/2019\/02\/E5380338-8B04-4518-83B4-FA2AEBCFDF7D-768x576.jpg 768w, https:\/\/www.tvwislig.ch\/newwp\/wp-content\/uploads\/2019\/02\/E5380338-8B04-4518-83B4-FA2AEBCFDF7D-700x525.jpg 700w, https:\/\/www.tvwislig.ch\/newwp\/wp-content\/uploads\/2019\/02\/E5380338-8B04-4518-83B4-FA2AEBCFDF7D-533x400.jpg 533w\" sizes=\"auto, (max-width: 1024px) 100vw, 1024px\" \/><\/a><\/figure><\/li><li class=\"blocks-gallery-item\"><figure><a href=\"https:\/\/www.tvwislig.ch\/newwp\/wp-content\/uploads\/2019\/02\/F1F00F90-1641-4E87-878B-42135E73F497-1024x683.jpg\"><img loading=\"lazy\" decoding=\"async\" width=\"1024\" height=\"683\" src=\"https:\/\/www.tvwislig.ch\/newwp\/wp-content\/uploads\/2019\/02\/F1F00F90-1641-4E87-878B-42135E73F497-1024x683.jpg\" alt=\"\" data-id=\"713\" data-link=\"https:\/\/www.tvwislig.ch\/newwp\/index.php\/2018-2\/f1f00f90-1641-4e87-878b-42135e73f497\/\" class=\"wp-image-713\" srcset=\"https:\/\/www.tvwislig.ch\/newwp\/wp-content\/uploads\/2019\/02\/F1F00F90-1641-4E87-878B-42135E73F497.jpg 1024w, https:\/\/www.tvwislig.ch\/newwp\/wp-content\/uploads\/2019\/02\/F1F00F90-1641-4E87-878B-42135E73F497-300x200.jpg 300w, https:\/\/www.tvwislig.ch\/newwp\/wp-content\/uploads\/2019\/02\/F1F00F90-1641-4E87-878B-42135E73F497-768x512.jpg 768w, https:\/\/www.tvwislig.ch\/newwp\/wp-content\/uploads\/2019\/02\/F1F00F90-1641-4E87-878B-42135E73F497-700x467.jpg 700w, https:\/\/www.tvwislig.ch\/newwp\/wp-content\/uploads\/2019\/02\/F1F00F90-1641-4E87-878B-42135E73F497-900x600.jpg 900w, https:\/\/www.tvwislig.ch\/newwp\/wp-content\/uploads\/2019\/02\/F1F00F90-1641-4E87-878B-42135E73F497-600x400.jpg 600w\" sizes=\"auto, (max-width: 1024px) 100vw, 1024px\" \/><\/a><\/figure><\/li><li class=\"blocks-gallery-item\"><figure><a href=\"https:\/\/www.tvwislig.ch\/newwp\/wp-content\/uploads\/2019\/02\/FB37825E-A613-4648-9A7D-B430A2E51743-768x1024.jpg\"><img loading=\"lazy\" decoding=\"async\" width=\"768\" height=\"1024\" src=\"https:\/\/www.tvwislig.ch\/newwp\/wp-content\/uploads\/2019\/02\/FB37825E-A613-4648-9A7D-B430A2E51743-768x1024.jpg\" alt=\"\" data-id=\"714\" data-link=\"https:\/\/www.tvwislig.ch\/newwp\/index.php\/2018-2\/fb37825e-a613-4648-9a7d-b430a2e51743\/\" class=\"wp-image-714\" srcset=\"https:\/\/www.tvwislig.ch\/newwp\/wp-content\/uploads\/2019\/02\/FB37825E-A613-4648-9A7D-B430A2E51743-768x1024.jpg 768w, https:\/\/www.tvwislig.ch\/newwp\/wp-content\/uploads\/2019\/02\/FB37825E-A613-4648-9A7D-B430A2E51743-225x300.jpg 225w, https:\/\/www.tvwislig.ch\/newwp\/wp-content\/uploads\/2019\/02\/FB37825E-A613-4648-9A7D-B430A2E51743-700x933.jpg 700w, https:\/\/www.tvwislig.ch\/newwp\/wp-content\/uploads\/2019\/02\/FB37825E-A613-4648-9A7D-B430A2E51743-300x400.jpg 300w, https:\/\/www.tvwislig.ch\/newwp\/wp-content\/uploads\/2019\/02\/FB37825E-A613-4648-9A7D-B430A2E51743.jpg 1200w\" sizes=\"auto, (max-width: 768px) 100vw, 768px\" \/><\/a><\/figure><\/li><\/ul><\/figure>\n\n\n\n<div style=\"height:100px\" aria-hidden=\"true\" class=\"wp-block-spacer\"><\/div>\n\n\n\n<p style=\"font-size:25px\" class=\"has-text-color has-cyan-bluish-gray-color\"><strong>Sektionswochenende Dinhard<\/strong><\/p>\n\n\n\n<p class=\"has-text-color has-medium-font-size has-cyan-bluish-gray-color\">Mit guter Laune und voller Motivation trafen wir uns um 10:00 Uhr bei der Bushaltestelle in Weisslingen und fuhren gemeinsam nach Dinhard an die Vereinswettk\u00e4mpfe. Bei sch\u00f6nstem Wetter und heissen Temperaturen begann der erste Wettkampfteil um 13:30 Uhr. Mit einer gelungenen Sprung-Vorf\u00fchrung konnten wir mit einer Note von 8.99 den 4. Rang im 1-teiligen Wettkampf belegen. Weiter ging es mit der Gymnastik der Damenriege, welche die letzte Auff\u00fchrung nochmals \u00fcbertreffen konnte. Mit einer Note von 8.87 wurden wir nicht mehr Turnfestsieger, aber haben unser Ziel, eine noch bessere Note als in Hochdorf zu erzielen, erreicht. Am sp\u00e4teren Nachmittag um 16:05 Uhr konnten wir in den Leichtathletik-Disziplinen nochmals alles geben. Es begann mit Hochsprung, Kugelstossen und Wurf. Trotz der Hitze konnten wir unser K\u00f6nnen unter Beweis stellen und hervorragende Leistungen erbringen. Sp\u00e4ter ging es weiter mit Schleuderball und der Pendelstafette. Um 18:50 Uhr schlossen wir den Wettkampf mit der Ger\u00e4tekombination und Weitsprung ab. Da die Ger\u00e4tekombination nicht ganz reibungslos verlief, mussten wir uns mit einer Note von 8.98 begn\u00fcgen. Am Ende belegten wir nur den 14. Rang, dennoch k\u00f6nnen wir alle stolz auf unsere Leistungen sein! Danach trafen wir uns im Festzelt, wo wir gem\u00fctlich zusammen zu Abend assen. Am Abend feierten wir unsere tollen Leistungen bis in die fr\u00fchen Morgenstunden. Am n\u00e4chsten Morgen wurden wir von warmen Sonnenstrahlen geweckt. W\u00e4hrend manche im Weinchalet jassten und andere im Festzelt friedlich fr\u00fchst\u00fcckten, genossen einige die freien Gymnastik- und Ger\u00e4tevorf\u00fchrungen. Am Mittag um 12:30 fand schliesslich das Finale statt, wo wir den Fahnenlauf, die Schlussrede und weitere Vorf\u00fchrungen miterleben konnten.Eine Stunde sp\u00e4ter stand die Rangverk\u00fcndigung im Festzelt auf dem Programm. Um 16:00 ging es mit dem Zug nach Hause. F\u00fcr solche, die noch nicht nach Hause gehen wollten, ging es weiter am Albanifest in Winterthur. Dort wurde noch gem\u00fctlich etwas gegessen und getrunken. Da es ziemlich heiss war, suchten ein paar Leute als kr\u00f6nender Abschluss des Tages eine kleine Abk\u00fchlung im Stadtbrunnen. Nun ist leider unsere Turnfestsaison schon vorbei. An dieser Stelle m\u00f6chten wir uns nochmals bei den Oberturnern f\u00fcr die Organisation bedanken! Auch vielen Dank an alle, die wieder ein super Ger\u00e4te- oder Gymnastikprogramm auf die Beine stellen konnten! Nicole C.<\/p>\n\n\n\n<figure class=\"wp-block-gallery columns-3 is-cropped wp-block-gallery-8 is-layout-flex wp-block-gallery-is-layout-flex\"><ul class=\"blocks-gallery-grid\"><li class=\"blocks-gallery-item\"><figure><a href=\"https:\/\/www.tvwislig.ch\/newwp\/wp-content\/uploads\/2019\/02\/2935BE11-071F-4B75-8B00-35DDE43DA0EC-640x1024.jpg\"><img loading=\"lazy\" decoding=\"async\" width=\"640\" height=\"1024\" src=\"https:\/\/www.tvwislig.ch\/newwp\/wp-content\/uploads\/2019\/02\/2935BE11-071F-4B75-8B00-35DDE43DA0EC-640x1024.jpg\" alt=\"\" data-id=\"718\" data-link=\"https:\/\/www.tvwislig.ch\/newwp\/index.php\/2018-2\/2935be11-071f-4b75-8b00-35dde43da0ec\/\" class=\"wp-image-718\" srcset=\"https:\/\/www.tvwislig.ch\/newwp\/wp-content\/uploads\/2019\/02\/2935BE11-071F-4B75-8B00-35DDE43DA0EC-640x1024.jpg 640w, https:\/\/www.tvwislig.ch\/newwp\/wp-content\/uploads\/2019\/02\/2935BE11-071F-4B75-8B00-35DDE43DA0EC-188x300.jpg 188w, https:\/\/www.tvwislig.ch\/newwp\/wp-content\/uploads\/2019\/02\/2935BE11-071F-4B75-8B00-35DDE43DA0EC-768x1229.jpg 768w, https:\/\/www.tvwislig.ch\/newwp\/wp-content\/uploads\/2019\/02\/2935BE11-071F-4B75-8B00-35DDE43DA0EC-700x1120.jpg 700w, https:\/\/www.tvwislig.ch\/newwp\/wp-content\/uploads\/2019\/02\/2935BE11-071F-4B75-8B00-35DDE43DA0EC-2000x3200.jpg 2000w, https:\/\/www.tvwislig.ch\/newwp\/wp-content\/uploads\/2019\/02\/2935BE11-071F-4B75-8B00-35DDE43DA0EC-250x400.jpg 250w, https:\/\/www.tvwislig.ch\/newwp\/wp-content\/uploads\/2019\/02\/2935BE11-071F-4B75-8B00-35DDE43DA0EC.jpg 2037w\" sizes=\"auto, (max-width: 640px) 100vw, 640px\" \/><\/a><\/figure><\/li><li class=\"blocks-gallery-item\"><figure><a href=\"https:\/\/www.tvwislig.ch\/newwp\/wp-content\/uploads\/2019\/02\/E6E2E614-DE32-4B0B-A3EA-C935079F432D-701x1024.jpg\"><img loading=\"lazy\" decoding=\"async\" width=\"701\" height=\"1024\" src=\"https:\/\/www.tvwislig.ch\/newwp\/wp-content\/uploads\/2019\/02\/E6E2E614-DE32-4B0B-A3EA-C935079F432D-701x1024.jpg\" alt=\"\" data-id=\"720\" data-link=\"https:\/\/www.tvwislig.ch\/newwp\/index.php\/2018-2\/e6e2e614-de32-4b0b-a3ea-c935079f432d\/\" class=\"wp-image-720\" srcset=\"https:\/\/www.tvwislig.ch\/newwp\/wp-content\/uploads\/2019\/02\/E6E2E614-DE32-4B0B-A3EA-C935079F432D-701x1024.jpg 701w, https:\/\/www.tvwislig.ch\/newwp\/wp-content\/uploads\/2019\/02\/E6E2E614-DE32-4B0B-A3EA-C935079F432D-205x300.jpg 205w, https:\/\/www.tvwislig.ch\/newwp\/wp-content\/uploads\/2019\/02\/E6E2E614-DE32-4B0B-A3EA-C935079F432D-768x1122.jpg 768w, https:\/\/www.tvwislig.ch\/newwp\/wp-content\/uploads\/2019\/02\/E6E2E614-DE32-4B0B-A3EA-C935079F432D-700x1023.jpg 700w, https:\/\/www.tvwislig.ch\/newwp\/wp-content\/uploads\/2019\/02\/E6E2E614-DE32-4B0B-A3EA-C935079F432D-2000x2922.jpg 2000w, https:\/\/www.tvwislig.ch\/newwp\/wp-content\/uploads\/2019\/02\/E6E2E614-DE32-4B0B-A3EA-C935079F432D-274x400.jpg 274w\" sizes=\"auto, (max-width: 701px) 100vw, 701px\" \/><\/a><\/figure><\/li><li class=\"blocks-gallery-item\"><figure><a href=\"https:\/\/www.tvwislig.ch\/newwp\/wp-content\/uploads\/2019\/02\/03AEA6BB-9A34-47F0-AC25-B62E2972B6B3-1.jpg\"><img loading=\"lazy\" decoding=\"async\" width=\"947\" height=\"891\" src=\"https:\/\/www.tvwislig.ch\/newwp\/wp-content\/uploads\/2019\/02\/03AEA6BB-9A34-47F0-AC25-B62E2972B6B3-1.jpg\" alt=\"\" data-id=\"721\" data-link=\"https:\/\/www.tvwislig.ch\/newwp\/index.php\/2018-2\/03aea6bb-9a34-47f0-ac25-b62e2972b6b3-2\/\" class=\"wp-image-721\" srcset=\"https:\/\/www.tvwislig.ch\/newwp\/wp-content\/uploads\/2019\/02\/03AEA6BB-9A34-47F0-AC25-B62E2972B6B3-1.jpg 947w, https:\/\/www.tvwislig.ch\/newwp\/wp-content\/uploads\/2019\/02\/03AEA6BB-9A34-47F0-AC25-B62E2972B6B3-1-300x282.jpg 300w, https:\/\/www.tvwislig.ch\/newwp\/wp-content\/uploads\/2019\/02\/03AEA6BB-9A34-47F0-AC25-B62E2972B6B3-1-768x723.jpg 768w, https:\/\/www.tvwislig.ch\/newwp\/wp-content\/uploads\/2019\/02\/03AEA6BB-9A34-47F0-AC25-B62E2972B6B3-1-700x659.jpg 700w, https:\/\/www.tvwislig.ch\/newwp\/wp-content\/uploads\/2019\/02\/03AEA6BB-9A34-47F0-AC25-B62E2972B6B3-1-425x400.jpg 425w\" sizes=\"auto, (max-width: 947px) 100vw, 947px\" \/><\/a><\/figure><\/li><li class=\"blocks-gallery-item\"><figure><a href=\"https:\/\/www.tvwislig.ch\/newwp\/wp-content\/uploads\/2019\/02\/DB1C0F0A-AE2E-447C-BCDF-DAA56AE3F25A-1-1016x1024.jpg\"><img loading=\"lazy\" decoding=\"async\" width=\"1016\" height=\"1024\" src=\"https:\/\/www.tvwislig.ch\/newwp\/wp-content\/uploads\/2019\/02\/DB1C0F0A-AE2E-447C-BCDF-DAA56AE3F25A-1-1016x1024.jpg\" alt=\"\" data-id=\"722\" data-link=\"https:\/\/www.tvwislig.ch\/newwp\/index.php\/2018-2\/db1c0f0a-ae2e-447c-bcdf-daa56ae3f25a-2\/\" class=\"wp-image-722\" srcset=\"https:\/\/www.tvwislig.ch\/newwp\/wp-content\/uploads\/2019\/02\/DB1C0F0A-AE2E-447C-BCDF-DAA56AE3F25A-1-1016x1024.jpg 1016w, https:\/\/www.tvwislig.ch\/newwp\/wp-content\/uploads\/2019\/02\/DB1C0F0A-AE2E-447C-BCDF-DAA56AE3F25A-1-150x150.jpg 150w, https:\/\/www.tvwislig.ch\/newwp\/wp-content\/uploads\/2019\/02\/DB1C0F0A-AE2E-447C-BCDF-DAA56AE3F25A-1-298x300.jpg 298w, https:\/\/www.tvwislig.ch\/newwp\/wp-content\/uploads\/2019\/02\/DB1C0F0A-AE2E-447C-BCDF-DAA56AE3F25A-1-768x774.jpg 768w, https:\/\/www.tvwislig.ch\/newwp\/wp-content\/uploads\/2019\/02\/DB1C0F0A-AE2E-447C-BCDF-DAA56AE3F25A-1-700x706.jpg 700w, https:\/\/www.tvwislig.ch\/newwp\/wp-content\/uploads\/2019\/02\/DB1C0F0A-AE2E-447C-BCDF-DAA56AE3F25A-1-2000x2016.jpg 2000w, https:\/\/www.tvwislig.ch\/newwp\/wp-content\/uploads\/2019\/02\/DB1C0F0A-AE2E-447C-BCDF-DAA56AE3F25A-1-100x100.jpg 100w, https:\/\/www.tvwislig.ch\/newwp\/wp-content\/uploads\/2019\/02\/DB1C0F0A-AE2E-447C-BCDF-DAA56AE3F25A-1-397x400.jpg 397w\" sizes=\"auto, (max-width: 1016px) 100vw, 1016px\" \/><\/a><\/figure><\/li><\/ul><\/figure>\n\n\n\n<div style=\"height:100px\" aria-hidden=\"true\" class=\"wp-block-spacer\"><\/div>\n\n\n\n<p style=\"font-size:25px\" class=\"has-text-color has-cyan-bluish-gray-color\"><strong>Tenerolager<\/strong><\/p>\n\n\n\n<p class=\"has-text-color has-medium-font-size has-cyan-bluish-gray-color\"><strong>Montag<\/strong>: H\u00fct simmer nachem\u00e4 fein\u00e4 Zmorg\u00e4 go Velofahre. Entweder gm\u00fcetlich uf d\u00e4 Magadinaeb\u00e4ni oder lebensgf\u00e4hrlich d\u00e4 Berg durab, jedoch h\u00e4ts kei Verletzti geh, da das alli super gmeistered h\u00e4nd. Nacher h\u00e4ts gueti Hamburger zum Zmittag geh. Am Nammitag h\u00e4mmer Tennis gspielt und au Golf. Zum Schluss simmern no uf d\u00e4 Sprungturm wos au en super Buchplatscher vom Profiturmspringer Sevi geh h\u00e4t. Am Abig h\u00e4ts d\u00e4n H\u00e4rd\u00f6pfelstock und Fleischch\u00e4s geh. Nacher h\u00e4mmern no an See, go BMX oder Beach\u00e4 ch\u00f6nn\u00e4. Jetzt gits d\u00e4nn no en feine Dessert und d\u00e4n g\u00f6mmer go schlafe nach dem str\u00e4nge Tag.<\/p>\n\n\n\n<p class=\"has-text-color has-medium-font-size has-cyan-bluish-gray-color\"><strong>Dienstag<\/strong>: Am Morge, nachdem mir de Zmorge gesse h\u00e4nd, h\u00e4mmer de Morge mit Skaterhockey verbracht. Zum Gl\u00fcck hets kei schlimmeri Unf\u00e4ll g\u00e4h, nume de M\u00e4ge h\u00e4t jez e gr\u00f6sseri B\u00fc\u00fcle am Bei. Aschl\u00fcssend hemmer no ch\u00f6ne in See e Abch\u00fcelig gn\u00fcsse bis es den Zmittag geh h\u00e4t. Nach ere grosse Portion Spaghetti mit Bolognese isches denn wiiter gange mit Ping Pong. Da z\u2019Sunne so sehr abe brennt het, simmer froh gsi, euis mit Stand up Paddling im See abzch\u00fcele. Zum Z\u2019Nacht hets denn k\u00f6stliche Hawaiitoast mit Salat geh. Am Abig staht es Beachvolleyballturnier, chlettere, BMX fahre und im See b\u00e4dele ufem Programm. Nacheme feine Dessert simmer denn am z\u00e4hni is Bett.<\/p>\n\n\n\n<p class=\"has-text-color has-medium-font-size has-cyan-bluish-gray-color\"><strong>Mittwoch<\/strong>: Heute Morgen hat Ruedi uns aus dem Schlaf gerissen. Trotzt der M\u00fcdigkeit hat er uns von Losone bis zu einem wundersch\u00f6nen See in Golino geschleppt. Dabei haben die Kastanien uns stetig auf Trab gehalten. Beim See angekommen waren wir alle sehr verschwitzt und wollten in den See baden gehen. Doch der Bademeister wollte nicht heizen und deswegen war der See arschkalt! Aber wir gingen trotzdem baden und es war eine sch\u00f6ne Erfrischung. Als die einen auf ihren Decken eingeschlafen sind, hat Cedric kleine Steinmauern auf ihnen gemacht. Aber die Strafe bekam er dann erst recht! Es hatte auch einen Felsen von welchen wir herunterspringen konnten. K\u00e4thy hat den Zmittag gebracht und es gab Resten. Nach dem Mittagessen gingen wir nochmals baden und dann nach Hause. Zum Z\u2019Nacht gab es Lasagne und nun werden wir das Abendprogramm durchf\u00fchren.<\/p>\n\n\n\n<p class=\"has-text-color has-medium-font-size has-cyan-bluish-gray-color\"><strong>Donnerstag<\/strong>: Um 07:15 sind wir aufgestanden und hatten Fr\u00fchst\u00fcck gegessen. Unsere Gruppe war auf der Wiese und wir spielten verschiedene Sportarten. Heute hatten sich die ersten Kinder beim Inlineskaten verletzt. Sie wollten mit dem Arsch bremsen, was dann in die Hose ging. Um 12:15 gab es Bratwurst mit Kartoffel-Gratin, was uns schmeckte. Wir spielten Lacrosse, was einige Kinder nicht kannten. Danach sind wir in den See gesprungen und gingen essen. Kinder die gestern \u00abaus Versehen\u00bb ins falsche Zelt gestiegen sind, mussten heute den Boden putzen. Um 10:00 mussten wir ins Bett.<\/p>\n\n\n\n<p class=\"has-text-color has-medium-font-size has-cyan-bluish-gray-color\"><strong>Freitag<\/strong>: Heute Morgen haben wir als erstes Baseball gespielt. Es war gl\u00fccklicherweise nicht so heiss wie gestern. Eigentlich sollten wir danach Fussball spielen, aber die Wiese war in der prallen Sonne. Also beschlossen Philipp und Sarina an den See baden zu gehen. Der See war ziemlich kalt. Danach gab es Mittagessen. Die Lasagne, die W\u00fcrstchen, die Teigwaren und der Salat waren sehr gen\u00fcsslich. Am fr\u00fchen Nachmittag gingen wir Stand Up paddeln, leider hatten wir mit dem Wind zu k\u00e4mpfen. Immer wieder trieb es uns ans Ufer. Danach gingen wir baden im See, obwohl wir \u00abWiese\u00bb hatten. Gegen den sp\u00e4ten Nachmittag kamen noch mehr Kinder und Leiter baden. Als es Zeit wurde, gingen wir Abendessen. Wir stopften uns mit sehr feinem Reis Casimir voll. Nun ist das Lager leider schon fast vorbei.<\/p>\n\n\n\n<figure class=\"wp-block-gallery columns-3 is-cropped wp-block-gallery-9 is-layout-flex wp-block-gallery-is-layout-flex\"><ul class=\"blocks-gallery-grid\"><li class=\"blocks-gallery-item\"><figure><a href=\"https:\/\/www.tvwislig.ch\/newwp\/wp-content\/uploads\/2019\/02\/Dienstag014-576x1024.jpg\"><img loading=\"lazy\" decoding=\"async\" width=\"576\" height=\"1024\" src=\"https:\/\/www.tvwislig.ch\/newwp\/wp-content\/uploads\/2019\/02\/Dienstag014-576x1024.jpg\" alt=\"\" data-id=\"727\" data-link=\"https:\/\/www.tvwislig.ch\/newwp\/index.php\/2018-2\/dienstag014\/\" class=\"wp-image-727\" srcset=\"https:\/\/www.tvwislig.ch\/newwp\/wp-content\/uploads\/2019\/02\/Dienstag014-576x1024.jpg 576w, https:\/\/www.tvwislig.ch\/newwp\/wp-content\/uploads\/2019\/02\/Dienstag014-169x300.jpg 169w, https:\/\/www.tvwislig.ch\/newwp\/wp-content\/uploads\/2019\/02\/Dienstag014-768x1365.jpg 768w, https:\/\/www.tvwislig.ch\/newwp\/wp-content\/uploads\/2019\/02\/Dienstag014-700x1244.jpg 700w, https:\/\/www.tvwislig.ch\/newwp\/wp-content\/uploads\/2019\/02\/Dienstag014-225x400.jpg 225w, https:\/\/www.tvwislig.ch\/newwp\/wp-content\/uploads\/2019\/02\/Dienstag014.jpg 900w\" sizes=\"auto, (max-width: 576px) 100vw, 576px\" \/><\/a><\/figure><\/li><li class=\"blocks-gallery-item\"><figure><a href=\"https:\/\/www.tvwislig.ch\/newwp\/wp-content\/uploads\/2019\/02\/Donnerstag014-768x1024.jpg\"><img loading=\"lazy\" decoding=\"async\" width=\"768\" height=\"1024\" src=\"https:\/\/www.tvwislig.ch\/newwp\/wp-content\/uploads\/2019\/02\/Donnerstag014-768x1024.jpg\" alt=\"\" data-id=\"728\" data-link=\"https:\/\/www.tvwislig.ch\/newwp\/index.php\/2018-2\/donnerstag014\/\" class=\"wp-image-728\" srcset=\"https:\/\/www.tvwislig.ch\/newwp\/wp-content\/uploads\/2019\/02\/Donnerstag014-768x1024.jpg 768w, https:\/\/www.tvwislig.ch\/newwp\/wp-content\/uploads\/2019\/02\/Donnerstag014-225x300.jpg 225w, https:\/\/www.tvwislig.ch\/newwp\/wp-content\/uploads\/2019\/02\/Donnerstag014-700x933.jpg 700w, https:\/\/www.tvwislig.ch\/newwp\/wp-content\/uploads\/2019\/02\/Donnerstag014-300x400.jpg 300w, https:\/\/www.tvwislig.ch\/newwp\/wp-content\/uploads\/2019\/02\/Donnerstag014.jpg 1200w\" sizes=\"auto, (max-width: 768px) 100vw, 768px\" \/><\/a><\/figure><\/li><li class=\"blocks-gallery-item\"><figure><a href=\"https:\/\/www.tvwislig.ch\/newwp\/wp-content\/uploads\/2019\/02\/Mittwoch027-1024x768.jpg\"><img loading=\"lazy\" decoding=\"async\" width=\"1024\" height=\"768\" src=\"https:\/\/www.tvwislig.ch\/newwp\/wp-content\/uploads\/2019\/02\/Mittwoch027-1024x768.jpg\" alt=\"\" data-id=\"729\" data-link=\"https:\/\/www.tvwislig.ch\/newwp\/index.php\/2018-2\/mittwoch027\/\" class=\"wp-image-729\" srcset=\"https:\/\/www.tvwislig.ch\/newwp\/wp-content\/uploads\/2019\/02\/Mittwoch027-1024x768.jpg 1024w, https:\/\/www.tvwislig.ch\/newwp\/wp-content\/uploads\/2019\/02\/Mittwoch027-300x225.jpg 300w, https:\/\/www.tvwislig.ch\/newwp\/wp-content\/uploads\/2019\/02\/Mittwoch027-768x576.jpg 768w, https:\/\/www.tvwislig.ch\/newwp\/wp-content\/uploads\/2019\/02\/Mittwoch027.jpg 1600w, https:\/\/www.tvwislig.ch\/newwp\/wp-content\/uploads\/2019\/02\/Mittwoch027-700x525.jpg 700w, https:\/\/www.tvwislig.ch\/newwp\/wp-content\/uploads\/2019\/02\/Mittwoch027-533x400.jpg 533w\" sizes=\"auto, (max-width: 1024px) 100vw, 1024px\" \/><\/a><\/figure><\/li><li class=\"blocks-gallery-item\"><figure><a href=\"https:\/\/www.tvwislig.ch\/newwp\/wp-content\/uploads\/2019\/02\/Montag001-1024x768.jpg\"><img loading=\"lazy\" decoding=\"async\" width=\"1024\" height=\"768\" src=\"https:\/\/www.tvwislig.ch\/newwp\/wp-content\/uploads\/2019\/02\/Montag001-1024x768.jpg\" alt=\"\" data-id=\"730\" data-link=\"https:\/\/www.tvwislig.ch\/newwp\/index.php\/2018-2\/montag001\/\" class=\"wp-image-730\" srcset=\"https:\/\/www.tvwislig.ch\/newwp\/wp-content\/uploads\/2019\/02\/Montag001-1024x768.jpg 1024w, https:\/\/www.tvwislig.ch\/newwp\/wp-content\/uploads\/2019\/02\/Montag001-300x225.jpg 300w, https:\/\/www.tvwislig.ch\/newwp\/wp-content\/uploads\/2019\/02\/Montag001-768x576.jpg 768w, https:\/\/www.tvwislig.ch\/newwp\/wp-content\/uploads\/2019\/02\/Montag001.jpg 1600w, https:\/\/www.tvwislig.ch\/newwp\/wp-content\/uploads\/2019\/02\/Montag001-700x525.jpg 700w, https:\/\/www.tvwislig.ch\/newwp\/wp-content\/uploads\/2019\/02\/Montag001-533x400.jpg 533w\" sizes=\"auto, (max-width: 1024px) 100vw, 1024px\" \/><\/a><\/figure><\/li><\/ul><\/figure>\n\n\n\n<div style=\"height:100px\" aria-hidden=\"true\" class=\"wp-block-spacer\"><\/div>\n\n\n\n<p style=\"font-size:25px\" class=\"has-text-color has-cyan-bluish-gray-color\"><strong>D\u00e4 schn\u00e4llscht Wisliger<\/strong><\/p>\n\n\n\n<p class=\"has-text-color has-medium-font-size has-cyan-bluish-gray-color\">De schn\u00e4llscht Wisliger 2018: Dennis Bleuler und Seraina Probst Herzliche Gratulation!<\/p>\n\n\n\n<div style=\"height:100px\" aria-hidden=\"true\" class=\"wp-block-spacer\"><\/div>\n\n\n\n<p style=\"font-size:25px\" class=\"has-text-color has-cyan-bluish-gray-color\"><strong>Sp\u00e4tsommerwettk\u00e4mpfe<\/strong><\/p>\n\n\n\n<p class=\"has-text-color has-medium-font-size has-cyan-bluish-gray-color\"><strong>Leichtathletik Dreikampfmeisterschaften 24.08.2018<\/strong>: Mir sind mit 8 Turnerinn\u00e4 und 5 Turner a d Dr\u00fckampfmeisterschafte i Liechtathletik am D\u00fctw\u00e4g. Es isch en guete Wettkampf mit super Leistige gsi. I d\u00e4 Kategorie M\u00e4dchen isch d Jessica W\u00e4fler dritti worde. D Diana Zolliker h\u00e4t d\u00e4 dritti Rang i d\u00e4 Kategorie Frauen knapp verpasst und isch somit Vierti worde. I d\u00e4 Vereinswertig Turnerinnen h\u00e4t d Damerieg\u00e4 Wislig d\u00e4 dritti Platz erreicht. I d\u00e4 Kategorie Senioren isch d\u00e4 Dario Meier erste worde. Wie d Damerieg\u00e4 Wislig h\u00e4t au d\u00e4 Turnverein Wislig d\u00e4 dritti Rang i d\u00e4 Vereinswertig erreicht. Anja<\/p>\n\n\n\n<p class=\"has-text-color has-medium-font-size has-cyan-bluish-gray-color\"><strong>TSST 02.09.2018<\/strong>: Ganz fr\u00fch am Sonntagmorgen um 7:00 Uhr haben wir uns bei der uralten Post versammelt. Mit den Autos ging es weiter zum Deutweg. Nach dem Einw\u00e4rmen startete f\u00fcr die Turner der Wettkampf um 8:15 Uhr mit dem 100m Sprint und bei den Frauen um 8.00 Uhr mit Kugelstossen. F\u00fcr die Turner ging es weiter zum Hochsprung, wo die eigenen Erwartungen leider meistens nicht erf\u00fcllt wurden, sodass diese Disziplin nicht sehr gut heraus kam. Daraufhin ging es mit dem Weitsprung und dem Kugelstossen weiter, wo wir zufrieden sein k\u00f6nnen. Die Turnerinnen starteten als zweites im 80m Lauf mit zwei Gruppen. Die J\u00fcngere Serie meisterte die Disziplin mit 12.64 Sekunden im Durchschnitt, w\u00e4hrend die \u00e4ltere Generation mit einem Fehlstart leider disqualifiziert wude. Weiter konnten sie sich im Schleuderball und Wurf messen und Wislig 1 den zweiten Platz in beiden Disziplinen erzielen. Beim Hochsprung lief es auch f\u00fcr die Frauen nicht sehr gut, daf\u00fcr konnten einige im Weitsprung neue pers\u00f6nliche Bestleistungen erreichen. Nach dem Weitsprung der Damen und dem Speer der Herren standen bereits die Stafetten auf dem Programm. Beim 4x 100m der Turner klappte es gar nicht, da bei der einen \u00dcbergabe der Geschwindigkeitsunterschied zu hoch war und deshalb kamen wir leider als letztes ins Ziel. Die Frauen hingegen konnten sehr gute Leistungen zeigen und landeten schlussendlich auf dem zweiten Platz. Sehr zufrieden konnten die Damen auch mit dem dritten Platz bei der Pendelstafette sein. Wir k\u00f6nnen auf einen erfolgreichen Wettkampf zur\u00fcckblicken. Nico<\/p>\n\n\n\n<figure class=\"wp-block-image\"><img loading=\"lazy\" decoding=\"async\" width=\"1024\" height=\"768\" src=\"https:\/\/www.tvwislig.ch\/newwp\/wp-content\/uploads\/2019\/02\/AFBB95D1-61C4-4BEA-A7D6-E58F6BA063EB-1024x768.jpg\" alt=\"\" class=\"wp-image-735\" srcset=\"https:\/\/www.tvwislig.ch\/newwp\/wp-content\/uploads\/2019\/02\/AFBB95D1-61C4-4BEA-A7D6-E58F6BA063EB-1024x768.jpg 1024w, https:\/\/www.tvwislig.ch\/newwp\/wp-content\/uploads\/2019\/02\/AFBB95D1-61C4-4BEA-A7D6-E58F6BA063EB-300x225.jpg 300w, https:\/\/www.tvwislig.ch\/newwp\/wp-content\/uploads\/2019\/02\/AFBB95D1-61C4-4BEA-A7D6-E58F6BA063EB-768x576.jpg 768w, https:\/\/www.tvwislig.ch\/newwp\/wp-content\/uploads\/2019\/02\/AFBB95D1-61C4-4BEA-A7D6-E58F6BA063EB.jpg 1600w, https:\/\/www.tvwislig.ch\/newwp\/wp-content\/uploads\/2019\/02\/AFBB95D1-61C4-4BEA-A7D6-E58F6BA063EB-700x525.jpg 700w, https:\/\/www.tvwislig.ch\/newwp\/wp-content\/uploads\/2019\/02\/AFBB95D1-61C4-4BEA-A7D6-E58F6BA063EB-533x400.jpg 533w\" sizes=\"auto, (max-width: 1024px) 100vw, 1024px\" \/><\/figure>\n\n\n\n<div style=\"height:100px\" aria-hidden=\"true\" class=\"wp-block-spacer\"><\/div>\n\n\n\n<p style=\"font-size:25px\" class=\"has-text-color has-cyan-bluish-gray-color\"><strong>Turnfahrt Turnverein<\/strong><\/p>\n\n\n\n<p class=\"has-text-color has-medium-font-size has-cyan-bluish-gray-color\">Nach den erfolgreichen Anl\u00e4ssen der letzten Jahre mit unz\u00e4hligen Helferstunden war es dieses Jahr Zeit die Erfolge der letzten Turnsaisons mit einer dreit\u00e4gigen Turnfahrt zu feiern. Mit Jungpolitiker Roman N\u00fcssli als Reiseleiter starteten wir am Freitagmorgen in das minuti\u00f6s geplante Abenteuer. Wie immer im Hemd eingekleidet chauffierte uns (Turn-)Bruder Patrik vom wundersch\u00f6nen Agasul \u00fcber die noch sch\u00f6neren D\u00f6rfer Dettenried, Neschwil, Lendikon, Theilingen, und Weisslingen direkt nach Dornbirn in die 1784 er\u00f6ffnete Brauerei von Josef Mohr. Gesittet wie immer, studierten wir zuerst die Geschichte des Biers mit dem auff\u00e4lligen Symbol. Nach einer Weisswurstjause, einer Bierdegustation, und dem Grosseinkauf von 12 Kisten Bier ging es weiter Richtung Imst. Mit strammem Schritt und einem wohlverdientem Marschhalt, um die ins Schnaufen geratenen Turner wieder aufschliessen zu lassen, erreichten wir durch die Rosengartenschlucht die Rodelbahn in Hoch-Imst. Auf der l\u00e4ngsten Sommerrodelbahn der Alpen flitzen wir den Hang hinunter, so dass unser dritter (Turn-)Bruder Wisi auch gleich seine Kappe verlor. Nat\u00fcrlich war die Rodelbahn noch zu wenig steil f\u00fcr unsere Turner, doch dies wird sich auf der Streif bald \u00e4ndern. In Innsbruck angekommen ging es nach einer Abk\u00fchlung im eiskalten Pool im Hinterhof und einem traditionellen Wienerschnitzel ins stimulierende Nachtleben von Innsbruck. Mit \u00abStreif \u2013 One Hell of a Ride\u00bb stimmten wir uns auf dem Weg nach Kitzb\u00fchel auf unsere bevorstehende Wanderung ein. An der Talstation warteten wir dann vergebens auf eine der f\u00fcnf Gondeln von Dider Cuche, aber auch die \u00d6sterreichische Gondel von Hans Knauss brachte uns sicher nach oben. Nach einer kleinen musikalischen Darbietung der Serviertochter, deren Instrument Philip sehr schnell \u00abdusse\u00bb hatte und das musikalische Talent der Familie Tr\u00fcb aufblitzen liess, stiegen wir die steile Hahnenkammabfahrt hinunter. W\u00e4hrend einige verr\u00fcckte Turner sich streng an die Linie der Streif hielten, war der Wanderweg doch der bedeutend einfachere Abstieg. Vor allem auch weil ausser Michi kaum jemand die Packliste richtig studiert hatte und die Wanderst\u00f6cke zu Hause liess. Mit einigen Zwischenhalten, einem am\u00fcsanten Schwatz mit weiteren Deutschen Touristen und einem tiefen Gespr\u00e4ch mit dem Vater von Klaus Sulzenbacher, dem einheimischen Olympia-Edelmetallgewinner in der Nordischen Kombination, ging es \u00fcber Umwegen zur\u00fcck ins Hotel. Ein Sprudelbad in der luxuri\u00f6sen Badewanne und ein Nickerchen im Dampfbad und bereits waren wir wieder voller Tatendrang f\u00fcr den Casinobesuch inklusive Nachtessen. Wie alles in Kitzb\u00fchel, war das Essen und der Casinobesuch eher der gehobenen Klasse, wo unsere Turner mit kurzen Hosen und Cap perfekt reinpassten. Erst als wir dann aufgrund des improvisierten Service nicht bezahlen wollten, kam ein wenig Hektik auf. Der Abend verlief ruhig, so dass einige bereits auf dem Sofa vor dem Clubeingang einschliefen. Gut ausgeschlafen auf den Luxusbettern des Hotels Goldener Greif ging es am Sonntagmorgen weiter Richtung Area 47 -ein Wasserpark f\u00fcr Fortgeschrittene. W\u00e4hrend unsere dicken zwei Werfer die Turner auf dem Luftkissen m\u00f6glichst weit spickten, drehten die heimlichen Rennfahrer unter uns auf der E-Motocross Strecke ihre Runden. Die holprige Strecke verlangte nochmals alles ab. Doch nur einmal stieg einer \u00fcber den Lenker ab. Ganz zur Entt\u00e4uschung der Zuschauer, die ein wenig mehr Risikobereitschaft erwartet haben und zahlreich erschienen sind. Auf dem R\u00fcckweg gab es zum Ausklingen noch ein Mohrenbr\u00e4u aus der zum Bierkeller umfunktionierten Gep\u00e4ckablage, womit sich der Kreis der Turnfahrt gekonnt schloss. Herzlichen Dank f\u00fcr die Organisation, Roman! Roger<\/p>\n\n\n\n<div style=\"height:100px\" aria-hidden=\"true\" class=\"wp-block-spacer\"><\/div>\n\n\n\n<p style=\"font-size:25px\" class=\"has-text-color has-cyan-bluish-gray-color\"><strong>Abendunterhaltung<\/strong><\/p>\n\n\n\n<p class=\"has-text-color has-medium-font-size has-cyan-bluish-gray-color\">Wir haben uns von der einzigartigen Abendunterhaltung unter dem Motto \u201eD\u00e4 \u00d6pfel gheit n\u00f6d wiit vom Ross\u201c erholt und m\u00f6chten uns bei allen Dorfbewohner von Wislig, Vereinen und Zuschauern von weiter weg herzlich bedanken, dass ihr uns im Widum besucht habt. Wir k\u00f6nnen auf erfolgreiche, teilweise ausverkaufte, gesellige, am\u00fcsante und aufregende Abende zur\u00fcckschauen. Ein grosses Dankesch\u00f6n an unsere fleissigen Helfer und Sponsoren. Ohne eure Unterst\u00fctzung w\u00e4re ein Anlass in diesem Rahmen nicht realisierbar. F\u00fcr alle die uns leider nicht besuchen konnten, hier noch einige Impressionen.<\/p>\n\n\n\n<figure class=\"wp-block-gallery columns-3 is-cropped wp-block-gallery-10 is-layout-flex wp-block-gallery-is-layout-flex\"><ul class=\"blocks-gallery-grid\"><li class=\"blocks-gallery-item\"><figure><a href=\"https:\/\/www.tvwislig.ch\/newwp\/wp-content\/uploads\/2019\/02\/5246A454-7E5E-4E23-9235-366307CD6F5A-576x1024.jpg\"><img loading=\"lazy\" decoding=\"async\" width=\"576\" height=\"1024\" src=\"https:\/\/www.tvwislig.ch\/newwp\/wp-content\/uploads\/2019\/02\/5246A454-7E5E-4E23-9235-366307CD6F5A-576x1024.jpg\" alt=\"\" data-id=\"739\" data-link=\"https:\/\/www.tvwislig.ch\/newwp\/index.php\/2018-2\/5246a454-7e5e-4e23-9235-366307cd6f5a\/\" class=\"wp-image-739\" srcset=\"https:\/\/www.tvwislig.ch\/newwp\/wp-content\/uploads\/2019\/02\/5246A454-7E5E-4E23-9235-366307CD6F5A-576x1024.jpg 576w, https:\/\/www.tvwislig.ch\/newwp\/wp-content\/uploads\/2019\/02\/5246A454-7E5E-4E23-9235-366307CD6F5A-169x300.jpg 169w, https:\/\/www.tvwislig.ch\/newwp\/wp-content\/uploads\/2019\/02\/5246A454-7E5E-4E23-9235-366307CD6F5A-700x1245.jpg 700w, https:\/\/www.tvwislig.ch\/newwp\/wp-content\/uploads\/2019\/02\/5246A454-7E5E-4E23-9235-366307CD6F5A-225x400.jpg 225w, https:\/\/www.tvwislig.ch\/newwp\/wp-content\/uploads\/2019\/02\/5246A454-7E5E-4E23-9235-366307CD6F5A.jpg 750w\" sizes=\"auto, (max-width: 576px) 100vw, 576px\" \/><\/a><\/figure><\/li><li class=\"blocks-gallery-item\"><figure><a href=\"https:\/\/www.tvwislig.ch\/newwp\/wp-content\/uploads\/2019\/02\/48006F58-92CA-4429-B0C4-1E62E14A62FB-576x1024.jpg\"><img loading=\"lazy\" decoding=\"async\" width=\"576\" height=\"1024\" src=\"https:\/\/www.tvwislig.ch\/newwp\/wp-content\/uploads\/2019\/02\/48006F58-92CA-4429-B0C4-1E62E14A62FB-576x1024.jpg\" alt=\"\" data-id=\"740\" data-link=\"https:\/\/www.tvwislig.ch\/newwp\/index.php\/2018-2\/48006f58-92ca-4429-b0c4-1e62e14a62fb\/\" class=\"wp-image-740\" srcset=\"https:\/\/www.tvwislig.ch\/newwp\/wp-content\/uploads\/2019\/02\/48006F58-92CA-4429-B0C4-1E62E14A62FB-576x1024.jpg 576w, https:\/\/www.tvwislig.ch\/newwp\/wp-content\/uploads\/2019\/02\/48006F58-92CA-4429-B0C4-1E62E14A62FB-169x300.jpg 169w, https:\/\/www.tvwislig.ch\/newwp\/wp-content\/uploads\/2019\/02\/48006F58-92CA-4429-B0C4-1E62E14A62FB-700x1245.jpg 700w, https:\/\/www.tvwislig.ch\/newwp\/wp-content\/uploads\/2019\/02\/48006F58-92CA-4429-B0C4-1E62E14A62FB-225x400.jpg 225w, https:\/\/www.tvwislig.ch\/newwp\/wp-content\/uploads\/2019\/02\/48006F58-92CA-4429-B0C4-1E62E14A62FB.jpg 750w\" sizes=\"auto, (max-width: 576px) 100vw, 576px\" \/><\/a><\/figure><\/li><li class=\"blocks-gallery-item\"><figure><a href=\"https:\/\/www.tvwislig.ch\/newwp\/wp-content\/uploads\/2019\/02\/32580589-9CF1-4259-A6E5-C8EAED2A617D-1024x768.jpg\"><img loading=\"lazy\" decoding=\"async\" width=\"1024\" height=\"768\" src=\"https:\/\/www.tvwislig.ch\/newwp\/wp-content\/uploads\/2019\/02\/32580589-9CF1-4259-A6E5-C8EAED2A617D-1024x768.jpg\" alt=\"\" data-id=\"741\" data-link=\"https:\/\/www.tvwislig.ch\/newwp\/index.php\/2018-2\/32580589-9cf1-4259-a6e5-c8eaed2a617d\/\" class=\"wp-image-741\" srcset=\"https:\/\/www.tvwislig.ch\/newwp\/wp-content\/uploads\/2019\/02\/32580589-9CF1-4259-A6E5-C8EAED2A617D-1024x768.jpg 1024w, https:\/\/www.tvwislig.ch\/newwp\/wp-content\/uploads\/2019\/02\/32580589-9CF1-4259-A6E5-C8EAED2A617D-300x225.jpg 300w, https:\/\/www.tvwislig.ch\/newwp\/wp-content\/uploads\/2019\/02\/32580589-9CF1-4259-A6E5-C8EAED2A617D-768x576.jpg 768w, https:\/\/www.tvwislig.ch\/newwp\/wp-content\/uploads\/2019\/02\/32580589-9CF1-4259-A6E5-C8EAED2A617D.jpg 1600w, https:\/\/www.tvwislig.ch\/newwp\/wp-content\/uploads\/2019\/02\/32580589-9CF1-4259-A6E5-C8EAED2A617D-700x525.jpg 700w, https:\/\/www.tvwislig.ch\/newwp\/wp-content\/uploads\/2019\/02\/32580589-9CF1-4259-A6E5-C8EAED2A617D-533x400.jpg 533w\" sizes=\"auto, (max-width: 1024px) 100vw, 1024px\" \/><\/a><\/figure><\/li><li class=\"blocks-gallery-item\"><figure><a href=\"https:\/\/www.tvwislig.ch\/newwp\/wp-content\/uploads\/2019\/02\/07B65DBA-DF0A-4FEA-9DFE-C3B91C2D1468-1-1024x768.jpg\"><img loading=\"lazy\" decoding=\"async\" width=\"1024\" height=\"768\" src=\"https:\/\/www.tvwislig.ch\/newwp\/wp-content\/uploads\/2019\/02\/07B65DBA-DF0A-4FEA-9DFE-C3B91C2D1468-1-1024x768.jpg\" alt=\"\" data-id=\"744\" data-link=\"https:\/\/www.tvwislig.ch\/newwp\/index.php\/2018-2\/07b65dba-df0a-4fea-9dfe-c3b91c2d1468-2\/\" class=\"wp-image-744\" srcset=\"https:\/\/www.tvwislig.ch\/newwp\/wp-content\/uploads\/2019\/02\/07B65DBA-DF0A-4FEA-9DFE-C3B91C2D1468-1-1024x768.jpg 1024w, https:\/\/www.tvwislig.ch\/newwp\/wp-content\/uploads\/2019\/02\/07B65DBA-DF0A-4FEA-9DFE-C3B91C2D1468-1-300x225.jpg 300w, https:\/\/www.tvwislig.ch\/newwp\/wp-content\/uploads\/2019\/02\/07B65DBA-DF0A-4FEA-9DFE-C3B91C2D1468-1-768x576.jpg 768w, https:\/\/www.tvwislig.ch\/newwp\/wp-content\/uploads\/2019\/02\/07B65DBA-DF0A-4FEA-9DFE-C3B91C2D1468-1.jpg 1600w, https:\/\/www.tvwislig.ch\/newwp\/wp-content\/uploads\/2019\/02\/07B65DBA-DF0A-4FEA-9DFE-C3B91C2D1468-1-700x525.jpg 700w, https:\/\/www.tvwislig.ch\/newwp\/wp-content\/uploads\/2019\/02\/07B65DBA-DF0A-4FEA-9DFE-C3B91C2D1468-1-533x400.jpg 533w\" sizes=\"auto, (max-width: 1024px) 100vw, 1024px\" \/><\/a><\/figure><\/li><li class=\"blocks-gallery-item\"><figure><a href=\"https:\/\/www.tvwislig.ch\/newwp\/wp-content\/uploads\/2019\/02\/EAE2C1DC-F3E4-4135-A744-4D4D6B894131-300x225.jpeg\"><img loading=\"lazy\" decoding=\"async\" width=\"300\" height=\"225\" src=\"https:\/\/www.tvwislig.ch\/newwp\/wp-content\/uploads\/2019\/02\/EAE2C1DC-F3E4-4135-A744-4D4D6B894131-300x225.jpeg\" alt=\"\" data-id=\"827\" data-link=\"https:\/\/www.tvwislig.ch\/newwp\/index.php\/2018-2\/eae2c1dc-f3e4-4135-a744-4d4d6b894131-300x225\/\" class=\"wp-image-827\"\/><\/a><\/figure><\/li><li class=\"blocks-gallery-item\"><figure><a href=\"https:\/\/www.tvwislig.ch\/newwp\/wp-content\/uploads\/2019\/02\/AE7C7CA6-834A-417A-9AC6-DA8225359672-768x432.jpeg\"><img loading=\"lazy\" decoding=\"async\" width=\"768\" height=\"432\" src=\"https:\/\/www.tvwislig.ch\/newwp\/wp-content\/uploads\/2019\/02\/AE7C7CA6-834A-417A-9AC6-DA8225359672-768x432.jpeg\" alt=\"\" data-id=\"828\" data-link=\"https:\/\/www.tvwislig.ch\/newwp\/index.php\/2018-2\/ae7c7ca6-834a-417a-9ac6-da8225359672-768x432\/\" class=\"wp-image-828\" srcset=\"https:\/\/www.tvwislig.ch\/newwp\/wp-content\/uploads\/2019\/02\/AE7C7CA6-834A-417A-9AC6-DA8225359672-768x432.jpeg 768w, https:\/\/www.tvwislig.ch\/newwp\/wp-content\/uploads\/2019\/02\/AE7C7CA6-834A-417A-9AC6-DA8225359672-768x432-300x169.jpeg 300w, https:\/\/www.tvwislig.ch\/newwp\/wp-content\/uploads\/2019\/02\/AE7C7CA6-834A-417A-9AC6-DA8225359672-768x432-700x394.jpeg 700w, https:\/\/www.tvwislig.ch\/newwp\/wp-content\/uploads\/2019\/02\/AE7C7CA6-834A-417A-9AC6-DA8225359672-768x432-711x400.jpeg 711w\" sizes=\"auto, (max-width: 768px) 100vw, 768px\" \/><\/a><\/figure><\/li><\/ul><\/figure>\n\n\n\n<div style=\"height:100px\" aria-hidden=\"true\" class=\"wp-block-spacer\"><\/div>\n\n\n\n<p style=\"font-size:25px\" class=\"has-text-color has-cyan-bluish-gray-color\"><strong>Ger\u00e4temeisterschaft<\/strong><\/p>\n\n\n\n<p class=\"has-text-color has-medium-font-size has-cyan-bluish-gray-color\">Der Turnverein startete am 14.12.2018 mit drei Gruppen an der Ger\u00e4temeisterschaft in Freienstein. F\u00fcr Weisslingen 3 war leider nach der Vorrunde der Wettkampf vorbei. Weisslingen 2 und 1 konnten sich beweisen und in die Hauptrunde weiterziehen. F\u00fcrs Finale konnte sich schlussendlich nur Weisslingen 1 qualifizieren und erreichten den 5. Rang. Hier die Ranglisten der Ger\u00e4temeisterschaft:<\/p>\n\n\n\n<figure class=\"wp-block-image is-resized\"><img loading=\"lazy\" decoding=\"async\" src=\"https:\/\/www.tvwislig.ch\/newwp\/wp-content\/uploads\/2019\/02\/6e3e4805-5b05-4115-8214-5aacf16a3474-1-1024x768-1024x768.jpg\" alt=\"\" class=\"wp-image-747\" width=\"328\" height=\"246\" srcset=\"https:\/\/www.tvwislig.ch\/newwp\/wp-content\/uploads\/2019\/02\/6e3e4805-5b05-4115-8214-5aacf16a3474-1-1024x768.jpg 1024w, https:\/\/www.tvwislig.ch\/newwp\/wp-content\/uploads\/2019\/02\/6e3e4805-5b05-4115-8214-5aacf16a3474-1-1024x768-300x225.jpg 300w, https:\/\/www.tvwislig.ch\/newwp\/wp-content\/uploads\/2019\/02\/6e3e4805-5b05-4115-8214-5aacf16a3474-1-1024x768-768x576.jpg 768w, https:\/\/www.tvwislig.ch\/newwp\/wp-content\/uploads\/2019\/02\/6e3e4805-5b05-4115-8214-5aacf16a3474-1-1024x768-700x525.jpg 700w, https:\/\/www.tvwislig.ch\/newwp\/wp-content\/uploads\/2019\/02\/6e3e4805-5b05-4115-8214-5aacf16a3474-1-1024x768-533x400.jpg 533w\" sizes=\"auto, (max-width: 328px) 100vw, 328px\" \/><\/figure>\n","protected":false},"excerpt":{"rendered":"<p>Hallen-LA Wie jedes Jahr trafen sich die Turnerinnen und Turner aus dem WTU in Effretikon am zweiten Samstag im M\u00e4rz zum Auftakt der Turnsaison. Da nicht gerade Turnfestwetter herrschte, waren &hellip; <a href=\"https:\/\/www.tvwislig.ch\/?page_id=656\" class=\"more-link\"><span class=\"screen-reader-text\">2018<\/span> weiterlesen <span class=\"meta-nav\">&rarr;<\/span><\/a><\/p>\n","protected":false},"author":2,"featured_media":0,"parent":0,"menu_order":0,"comment_status":"closed","ping_status":"closed","template":"","meta":{"footnotes":""},"class_list":["post-656","page","type-page","status-publish","hentry"],"jetpack_sharing_enabled":true,"_links":{"self":[{"href":"https:\/\/www.tvwislig.ch\/index.php?rest_route=\/wp\/v2\/pages\/656","targetHints":{"allow":["GET"]}}],"collection":[{"href":"https:\/\/www.tvwislig.ch\/index.php?rest_route=\/wp\/v2\/pages"}],"about":[{"href":"https:\/\/www.tvwislig.ch\/index.php?rest_route=\/wp\/v2\/types\/page"}],"author":[{"embeddable":true,"href":"https:\/\/www.tvwislig.ch\/index.php?rest_route=\/wp\/v2\/users\/2"}],"replies":[{"embeddable":true,"href":"https:\/\/www.tvwislig.ch\/index.php?rest_route=%2Fwp%2Fv2%2Fcomments&post=656"}],"version-history":[{"count":40,"href":"https:\/\/www.tvwislig.ch\/index.php?rest_route=\/wp\/v2\/pages\/656\/revisions"}],"predecessor-version":[{"id":2546,"href":"https:\/\/www.tvwislig.ch\/index.php?rest_route=\/wp\/v2\/pages\/656\/revisions\/2546"}],"wp:attachment":[{"href":"https:\/\/www.tvwislig.ch\/index.php?rest_route=%2Fwp%2Fv2%2Fmedia&parent=656"}],"curies":[{"name":"wp","href":"https:\/\/api.w.org\/{rel}","templated":true}]}}